{"id":7749,"date":"2023-10-24T11:56:57","date_gmt":"2023-10-24T15:56:57","guid":{"rendered":"https:\/\/www.senneville.ca\/?page_id=7749"},"modified":"2024-12-15T16:21:09","modified_gmt":"2024-12-15T21:21:09","slug":"reconstruction-project-of-the-ile-aux-tourtes-bridge-between-vaudreuil-dorion-and-senneville","status":"publish","type":"page","link":"https:\/\/www.senneville.ca\/en\/services\/infrastructure\/reconstruction-project-of-the-ile-aux-tourtes-bridge-between-vaudreuil-dorion-and-senneville\/","title":{"rendered":"\u00cele-aux-Tourtes Bridge"},"content":{"rendered":"\n<div class=\"wp-block-cover alignfull is-light is-style-title-banner\"><span aria-hidden=\"true\" class=\"wp-block-cover__background has-background-dim\"><\/span><img decoding=\"async\" width=\"1500\" height=\"1000\" class=\"wp-block-cover__image-background wp-image-7771 lazyload\" alt=\"\" data-src=\"https:\/\/www.senneville.ca\/wp-content\/uploads\/2023\/10\/img-sythese-pont-ile-aux-tourtes-1.png\" data-object-fit=\"cover\" data-srcset=\"https:\/\/www.senneville.ca\/wp-content\/uploads\/2023\/10\/img-sythese-pont-ile-aux-tourtes-1.png 1500w, https:\/\/www.senneville.ca\/wp-content\/uploads\/2023\/10\/img-sythese-pont-ile-aux-tourtes-1-300x200.png 300w, https:\/\/www.senneville.ca\/wp-content\/uploads\/2023\/10\/img-sythese-pont-ile-aux-tourtes-1-1024x683.png 1024w, https:\/\/www.senneville.ca\/wp-content\/uploads\/2023\/10\/img-sythese-pont-ile-aux-tourtes-1-768x512.png 768w\" data-sizes=\"(max-width: 1500px) 100vw, 1500px\" src=\"data:image\/svg+xml;base64,PHN2ZyB3aWR0aD0iMSIgaGVpZ2h0PSIxIiB4bWxucz0iaHR0cDovL3d3dy53My5vcmcvMjAwMC9zdmciPjwvc3ZnPg==\" style=\"--smush-placeholder-width: 1500px; --smush-placeholder-aspect-ratio: 1500\/1000;\" \/><div class=\"wp-block-cover__inner-container\"><h3 class=\"wp-block-post-title\">\u00cele-aux-Tourtes Bridge<\/h3><\/div><\/div>\n\n\n\n<div class=\"wp-block-group alignfull has-padding-y-large has-primary-03-background-color has-background\"><div class=\"yoast-breadcrumbs alignwide \"><span class=\"breadcrumbs\"><a href=\"https:\/\/www.senneville.ca\/en\/\" class=\"breadcrumbs__element\">Home<\/a> <span class=\"breadcrumbs__separator\">\n        <svg class=\"icon icon-breadcrumb__separator\"><use xlink:href=\"#icon-breadcrumb__separator\"><\/use><\/svg>\n    <\/span> <a href=\"https:\/\/www.senneville.ca\/en\/services\/\" class=\"breadcrumbs__element\">Services<\/a> <span class=\"breadcrumbs__separator\">\n        <svg class=\"icon icon-breadcrumb__separator\"><use xlink:href=\"#icon-breadcrumb__separator\"><\/use><\/svg>\n    <\/span> <a href=\"https:\/\/www.senneville.ca\/en\/services\/infrastructure\/\" class=\"breadcrumbs__element\">\u202fInfrastructure<\/a> <span class=\"breadcrumbs__separator\">\n        <svg class=\"icon icon-breadcrumb__separator\"><use xlink:href=\"#icon-breadcrumb__separator\"><\/use><\/svg>\n    <\/span> <span class=\"breadcrumbs__element breadcrumbs__element-current\">\u00cele-aux-Tourtes Bridge<\/span><\/span><\/div><\/div>\n\n\n\n<h1 class=\"wp-block-heading\">\u00cele-aux-Tourtes Bridge<\/h1>\n\n\n\n\n\n<figure class=\"wp-block-image size-large\"><img decoding=\"async\" width=\"1024\" height=\"683\" data-src=\"https:\/\/www.senneville.ca\/wp-content\/uploads\/2023\/06\/img-sythese-pont-ile-aux-tourtes-1024x683.png\" alt=\"\" class=\"wp-image-6175 lazyload\" data-srcset=\"https:\/\/www.senneville.ca\/wp-content\/uploads\/2023\/06\/img-sythese-pont-ile-aux-tourtes-1024x683.png 1024w, https:\/\/www.senneville.ca\/wp-content\/uploads\/2023\/06\/img-sythese-pont-ile-aux-tourtes-300x200.png 300w, https:\/\/www.senneville.ca\/wp-content\/uploads\/2023\/06\/img-sythese-pont-ile-aux-tourtes-768x512.png 768w, https:\/\/www.senneville.ca\/wp-content\/uploads\/2023\/06\/img-sythese-pont-ile-aux-tourtes.png 1500w\" data-sizes=\"(max-width: 1024px) 100vw, 1024px\" src=\"data:image\/svg+xml;base64,PHN2ZyB3aWR0aD0iMSIgaGVpZ2h0PSIxIiB4bWxucz0iaHR0cDovL3d3dy53My5vcmcvMjAwMC9zdmciPjwvc3ZnPg==\" style=\"--smush-placeholder-width: 1024px; --smush-placeholder-aspect-ratio: 1024\/683;\" \/><\/figure>\n\n\n\n<p>The construction of the \u00cele-aux-Tourtes Bridge will have a significant impact on our territory until the work is completed.<\/p>\n\n\n\n<p>The municipality of Senneville, in collaboration with the<em> Minist\u00e8re des Transports et de la Mobilit\u00e9 durable<\/em>, will ensure ongoing communication regarding local impacts.&nbsp;<\/p>\n\n\n\n<p><strong>Newsletter &#8211; INFO TRAVAUX<\/strong><\/p>\n\n\n\n<ul class=\"wp-block-list\">\n<li><a href=\"https:\/\/mailchi.mp\/ac8975332daf\/infolettre-newsletter-2023-07-6743369?e=bf9fcac550\">2024, October 25<\/a> &#8211; Closure of exit No 41 &#8211; Senneville on the A-40 west during the night of October 25 to 26, 2024<\/li>\n\n\n\n<li><a href=\"https:\/\/mailchi.mp\/7ea253759efc\/infolettre-newsletter-2023-07-6742199?e=bf9fcac550\">2024, August 27<\/a> &#8211; Closure of exit No 41 &#8211; Sainte-Anne-de-Bellevue\/Anciens-Combattants Blvd. on A-40 east from August 30 to September 3, 2024<\/li>\n\n\n\n<li><a href=\"https:\/\/mailchi.mp\/fd36e61657e7\/infolettre-newsletter-2023-07-6741109?e=bf9fcac550\">2024, June 19<\/a> &#8211; Shoring work begins under the structure<\/li>\n\n\n\n<li><a href=\"https:\/\/mailchi.mp\/127f3b0b5d5f\/infolettre-newsletter-2023-07-6740872?e=bf9fcac550\">2024, June 6<\/a> &#8211; Closure of exit No 40 &#8211; Senneville on highway 40 westbound<\/li>\n\n\n\n<li><a href=\"https:\/\/mailchi.mp\/f3c4a28f38d8\/infolettre-newsletter-2023-07-6740764?e=bf9fcac550\">2024, May 30<\/a> &#8211; Night closure to Montreal from May 31 to June 1<\/li>\n\n\n\n<li><a href=\"https:\/\/mailchi.mp\/e43033f9d4b9\/infolettre-newsletter-2023-07-6724916?e=bf9fcac550\">2024, May 15<\/a> &#8211; Implementation of dynamic traffic management and a new lane configuration on highway 40 scheduled for May 27<\/li>\n\n\n\n<li><a href=\"https:\/\/mailchi.mp\/8b3f8f6f721c\/infolettre-newsletter-2023-07-6724920?e=bf9fcac550\">2024, May 14<\/a> &#8211; Closure of highway 40 West towards Vaudreuil-Dorion<\/li>\n\n\n\n<li><a href=\"https:\/\/mailchi.mp\/ef28fe618fe3\/infolettre-newsletter-2023-07-6723599\">2024, April 24<\/a> &#8211; Cluse towards Montreal from April 26 to 28<\/li>\n\n\n\n<li><a href=\"https:\/\/mailchi.mp\/3b3a1130d5c1\/infolettre-newsletter-2023-07-6719727?e=056c7e0a71\">2024, March 12 <\/a>&#8211; Complete closure of the bridge from March 15 to 18<\/li>\n\n\n\n<li><a href=\"https:\/\/mailchi.mp\/a6a7b12eda70\/infolettre-newsletter-2023-07-6681651?e=056c7e0a71\">2023, December 1<\/a> &#8211; Complete closure and new configuration<\/li>\n\n\n\n<li><a href=\"https:\/\/mailchi.mp\/6b221f02c1a1\/infolettre-newsletter-2023-07-6681003?e=056c7e0a71\">2023, November 26<\/a> &#8211; Major obstructions &#8211; Congestion to be expected<\/li>\n\n\n\n<li><a href=\"https:\/\/mailchi.mp\/1486095493c4\/infolettre-newsletter-2023-07-6680999?e=056c7e0a71\">2023, November 25<\/a> &#8211; REMINDER: Bridge completely closed<\/li>\n\n\n\n<li><a href=\"https:\/\/mailchi.mp\/b3c6a49f99d1\/infolettre-newsletter-2023-07-6680963?e=056c7e0a71\">2023, November 24<\/a> &#8211; Bridge completely closed<\/li>\n<\/ul>\n\n\n\n<p><strong>Newsletter &#8211; INFO CONSTRUCTION <\/strong><\/p>\n\n\n\n<ul class=\"wp-block-list\">\n<li><a href=\"https:\/\/mailchi.mp\/cf2106bb1337\/infolettre-newsletter-2023-07-6744456?e=bf9fcac550\">2024, December 13<\/a> &#8211; POSTPONEMENT &#8211; Closure of Highway 40 westbound including the \u00cele-aux-Tourtes bridge, on the night of December 12 to 13, 2024<\/li>\n\n\n\n<li><a href=\"https:\/\/mailchi.mp\/632190fb28f0\/infolettre-newsletter-2023-07-6744430?e=bf9fcac550\">2024, December 12<\/a> &#8211; Closure of Highway 40 westbound including the \u00cele-aux-Tourtes bridge, on the night of December 12 to 13, 2024<\/li>\n\n\n\n<li><a href=\"https:\/\/mailchi.mp\/cbd1fa372d9f\/infolettre-newsletter-2023-07-6744397?e=bf9fcac550\">2024, December 11<\/a> &#8211; Update on \u00cele-aux-Tourtes bridge reinforcement work: Reopening of a fourth lane now anticipated before the end of winter<\/li>\n\n\n\n<li><a href=\"http:\/\/Complete closure over the weekend of November 1 to 4, 2024\">2024, November 28<\/a>  &#8211; Complete closure over the weekend of December 6, 2024<\/li>\n\n\n\n<li><a href=\"http:\/\/Complete closure over the weekend of September 6 to 9, 2024\">2024, October 29<\/a> &#8211; Complete closure over the weekend of November 1 to 4, 2024<\/li>\n\n\n\n<li><a href=\"https:\/\/mailchi.mp\/5c769ba65f01\/infolettre-newsletter-2023-07-6742328?e=bf9fcac550\">2024, August 30<\/a> &#8211; Complete closure over the weekend of September 6 to 9, 2024<\/li>\n\n\n\n<li><a href=\"https:\/\/mailchi.mp\/72dca106b1e1\/infolettre-newsletter-2023-07-6742200?e=bf9fcac550\">2024, August 28<\/a> &#8211; Complete closures to come in September 2024<\/li>\n\n\n\n<li><a href=\"https:\/\/mailchi.mp\/d4f7abab4b19\/infolettre-newsletter-2023-07-6742019?e=bf9fcac550\">2024, August 15<\/a> &#8211; CANCELLED &#8211; Complete closure this weekend from August 16 to 19, 2024<\/li>\n\n\n\n<li><a href=\"https:\/\/mailchi.mp\/90a8ae2676f7\/infolettre-newsletter-2023-07-6741959?e=bf9fcac550\">2024, August 13<\/a> &#8211; Complete closure this weekend from August 16 to 19, 2024<\/li>\n\n\n\n<li><a href=\"https:\/\/mailchi.mp\/704c55063cdc\/infolettre-newsletter-2023-07-6741801?e=bf9fcac550\">2024, August 1<\/a> &#8211; Closure of exit 41 on highway 40<\/li>\n\n\n\n<li><a href=\"https:\/\/mailchi.mp\/8629b553134f\/infolettre-newsletter-2023-07-6741350?e=bf9fcac550\">2024, July 4<\/a> &#8211; Notice to boaters &#8211; Work in Lac des Deux Montagnes and Vaudreuil bay<\/li>\n\n\n\n<li><a href=\"https:\/\/mailchi.mp\/8bb9b34f7e95\/infolettre-newsletter-2023-07-6741238?e=bf9fcac550\">2024, June 28<\/a> &#8211; Complete closure of exit 40 of autoroute 40 west (Senneville)<\/li>\n\n\n\n<li><a href=\"https:\/\/mailchi.mp\/193b0393e806\/infolettre-newsletter-2023-07-6724475\">2024, May 6<\/a> &#8211; Complete closure of exit 41 eastbound<\/li>\n\n\n\n<li><a href=\"https:\/\/mailchi.mp\/69cb462ce9ab\/infolettre-newsletter-2023-07-6724235?e=abf3d47de6\">2024, May 2<\/a> &#8211; Complete closure of exit 40 westbound<\/li>\n\n\n\n<li><a href=\"https:\/\/mailchi.mp\/0debac26bbbe\/infolettre-newsletter-2023-07-6718383?e=056c7e0a71\">2024, February 28<\/a> &#8211; Complete closure of exit 40 westbound<\/li>\n\n\n\n<li><a href=\"https:\/\/mailchi.mp\/baa51736b353\/infolettre-newsletter-2023-07-6687075?e=056c7e0a71\">2024, January 22-23<\/a> &#8211; Night closure<\/li>\n\n\n\n<li><a href=\"https:\/\/mailchi.mp\/1caac0d5a571\/infolettre-newsletter-2023-07-6686871?e=056c7e0a71\">2024, January 19<\/a> &#8211; Usage of an ice-breaking boat on the Lac des Deux Montagnes<\/li>\n\n\n\n<li><a href=\"https:\/\/mailchi.mp\/7f0eb5279610\/infolettre-newsletter-2023-07-6683975?e=056c7e0a71\">2023, December 12<\/a> &#8211; <strong>Construction begins on the new \u00cele-aux-Tourtes bridge<\/strong><\/li>\n\n\n\n<li><a href=\"https:\/\/mailchi.mp\/b519a7d3bc28\/infolettre-newsletter-2023-07-6671275?e=056c7e0a71\">2023, October 19<\/a> &#8211; To stay informed&#8230;<\/li>\n<\/ul>\n\n\n\n<hr class=\"wp-block-separator has-alpha-channel-opacity\"\/>\n\n\n\n<p><strong>Minist\u00e8re des Transports et de la Mobilit\u00e9 durable<\/strong><\/p>\n\n\n\n<p><a href=\"https:\/\/villagesenneville.us13.list-manage.com\/track\/click?u=1eaa3b3a32a43eeb193ad8071&amp;id=b27418844b&amp;e=056c7e0a71\" target=\"_blank\" rel=\"noreferrer noopener\">Project web page<\/a> on the <em>Minist\u00e8re des Transports et de la Mobilit\u00e9 durable<\/em> website&nbsp;<\/p>\n\n\n\n<p>A new <a href=\"https:\/\/www.facebook.com\/people\/Maintien-et-reconstruction-du-pont-de-l%C3%8Ele-aux-Tourtes\/61554016636185\/\">Facebook page<\/a> and <a href=\"https:\/\/twitter.com\/Projets_PIAT\">X<\/a> account dedicated to the \u00cele-aux-Tourtes bridge are now available for information on the project to maintain and rebuild the existing bridge.<br><br>If you have any questions or comments about the \u00cele-aux-Tourtes bridge, you can contact the Ministry using the <a href=\"https:\/\/villagesenneville.us13.list-manage.com\/track\/click?u=1eaa3b3a32a43eeb193ad8071&amp;id=24208968b8&amp;e=056c7e0a71\" target=\"_blank\" rel=\"noreferrer noopener\">online form<\/a>, or by calling 511.<\/p>\n\n\n\n<p><strong>Direct communications from the Minist\u00e8re: Although the Village of Senneville is one of the municipalities covered by section 29.1 of the Charter of the French Language, the <em>Minist\u00e8re des Transports et de la Mobilit\u00e9 durable<\/em> is obliged to respect the Politique linguistique de l&#8217;\u00c9tat.<\/strong><\/p>\n\n\n\n<div class=\"wp-block-buttons\">\n<div class=\"wp-block-button\"><a class=\"wp-block-button__link wp-element-button\" href=\"https:\/\/www.quebec.ca\/transports\/projets-routiers\/montreal\/pont-ile-aux-tourtes\">Website &#8211; Minist\u00e8re des Transports et de la Mobilit\u00e9 durable <\/a><\/div>\n\n\n\n<div class=\"wp-block-button\"><a class=\"wp-block-button__link wp-element-button\" href=\"https:\/\/www.facebook.com\/profile.php?id=61554016636185\">MTQ &#8211; FACEBOOK<\/a><\/div>\n<\/div>\n\n\n\n<figure class=\"wp-block-embed is-type-video is-provider-youtube wp-block-embed-youtube wp-embed-aspect-16-9 wp-has-aspect-ratio\"><div class=\"wp-block-embed__wrapper\">\n<iframe title=\"Projet de reconstruction du pont de l&#039;\u00cele-aux-Tourtes entre Vaudreuil-Dorion et Senneville\" width=\"500\" height=\"281\" data-src=\"https:\/\/www.youtube.com\/embed\/6SFNfczEXrQ?feature=oembed\" frameborder=\"0\" allow=\"accelerometer; autoplay; clipboard-write; encrypted-media; gyroscope; picture-in-picture; web-share\" referrerpolicy=\"strict-origin-when-cross-origin\" allowfullscreen src=\"data:image\/svg+xml;base64,PHN2ZyB3aWR0aD0iMSIgaGVpZ2h0PSIxIiB4bWxucz0iaHR0cDovL3d3dy53My5vcmcvMjAwMC9zdmciPjwvc3ZnPg==\" class=\"lazyload\" data-load-mode=\"1\"><\/iframe>\n<\/div><\/figure>\n","protected":false},"excerpt":{"rendered":"<p>\u00cele-aux-Tourtes Bridge The construction of the \u00cele-aux-Tourtes Bridge will have a significant impact on our territory until the work is completed. The municipality of Senneville, in collaboration with the Minist\u00e8re des Transports et de la Mobilit\u00e9 durable, will ensure ongoing communication regarding local impacts.&nbsp; Newsletter &#8211; INFO TRAVAUX Newsletter &#8211; INFO CONSTRUCTION Minist\u00e8re des Transports [&hellip;]<\/p>\n","protected":false},"author":5,"featured_media":5293,"parent":1742,"menu_order":0,"comment_status":"closed","ping_status":"closed","template":"","meta":{"_acf_changed":false,"inline_featured_image":false,"footnotes":""},"class_list":["post-7749","page","type-page","status-publish","has-post-thumbnail","hentry"],"acf":[],"yoast_head":"<!-- This site is optimized with the Yoast SEO plugin v27.5 - https:\/\/yoast.com\/product\/yoast-seo-wordpress\/ -->\n<title>\u00cele-aux-Tourtes Bridge - Village de Senneville<\/title>\n<meta name=\"robots\" content=\"index, follow, max-snippet:-1, max-image-preview:large, max-video-preview:-1\" \/>\n<link rel=\"canonical\" href=\"https:\/\/www.senneville.ca\/en\/services\/infrastructure\/reconstruction-project-of-the-ile-aux-tourtes-bridge-between-vaudreuil-dorion-and-senneville\/\" \/>\n<meta property=\"og:locale\" content=\"en_US\" \/>\n<meta property=\"og:type\" content=\"article\" \/>\n<meta property=\"og:title\" content=\"\u00cele-aux-Tourtes Bridge - Village de Senneville\" \/>\n<meta property=\"og:description\" content=\"\u00cele-aux-Tourtes Bridge The construction of the \u00cele-aux-Tourtes Bridge will have a significant impact on our territory until the work is completed. The municipality of Senneville, in collaboration with the Minist\u00e8re des Transports et de la Mobilit\u00e9 durable, will ensure ongoing communication regarding local impacts.&nbsp; Newsletter &#8211; INFO TRAVAUX Newsletter &#8211; INFO CONSTRUCTION Minist\u00e8re des Transports [&hellip;]\" \/>\n<meta property=\"og:url\" content=\"https:\/\/www.senneville.ca\/en\/services\/infrastructure\/reconstruction-project-of-the-ile-aux-tourtes-bridge-between-vaudreuil-dorion-and-senneville\/\" \/>\n<meta property=\"og:site_name\" content=\"Village de Senneville\" \/>\n<meta property=\"article:publisher\" content=\"https:\/\/www.facebook.com\/senneville.ca\" \/>\n<meta property=\"article:modified_time\" content=\"2024-12-15T21:21:09+00:00\" \/>\n<meta property=\"og:image\" content=\"https:\/\/www.senneville.ca\/wp-content\/uploads\/2023\/05\/img-sythese-pont-ile-aux-tourtes.png\" \/>\n\t<meta property=\"og:image:width\" content=\"1500\" \/>\n\t<meta property=\"og:image:height\" content=\"1000\" \/>\n\t<meta property=\"og:image:type\" content=\"image\/png\" \/>\n<meta name=\"twitter:card\" content=\"summary_large_image\" \/>\n<meta name=\"twitter:label1\" content=\"Est. reading time\" \/>\n\t<meta name=\"twitter:data1\" content=\"4 minutes\" \/>\n<script type=\"application\/ld+json\" class=\"yoast-schema-graph\">{\n\t    \"@context\": \"https:\\\/\\\/schema.org\",\n\t    \"@graph\": [\n\t        {\n\t            \"@type\": \"WebPage\",\n\t            \"@id\": \"https:\\\/\\\/www.senneville.ca\\\/en\\\/services\\\/infrastructure\\\/reconstruction-project-of-the-ile-aux-tourtes-bridge-between-vaudreuil-dorion-and-senneville\\\/\",\n\t            \"url\": \"https:\\\/\\\/www.senneville.ca\\\/en\\\/services\\\/infrastructure\\\/reconstruction-project-of-the-ile-aux-tourtes-bridge-between-vaudreuil-dorion-and-senneville\\\/\",\n\t            \"name\": \"\u00cele-aux-Tourtes Bridge - Village de Senneville\",\n\t            \"isPartOf\": {\n\t                \"@id\": \"https:\\\/\\\/www.senneville.ca\\\/en\\\/#website\"\n\t            },\n\t            \"primaryImageOfPage\": {\n\t                \"@id\": \"https:\\\/\\\/www.senneville.ca\\\/en\\\/services\\\/infrastructure\\\/reconstruction-project-of-the-ile-aux-tourtes-bridge-between-vaudreuil-dorion-and-senneville\\\/#primaryimage\"\n\t            },\n\t            \"image\": {\n\t                \"@id\": \"https:\\\/\\\/www.senneville.ca\\\/en\\\/services\\\/infrastructure\\\/reconstruction-project-of-the-ile-aux-tourtes-bridge-between-vaudreuil-dorion-and-senneville\\\/#primaryimage\"\n\t            },\n\t            \"thumbnailUrl\": \"https:\\\/\\\/www.senneville.ca\\\/wp-content\\\/uploads\\\/2023\\\/05\\\/img-sythese-pont-ile-aux-tourtes.png\",\n\t            \"datePublished\": \"2023-10-24T15:56:57+00:00\",\n\t            \"dateModified\": \"2024-12-15T21:21:09+00:00\",\n\t            \"breadcrumb\": {\n\t                \"@id\": \"https:\\\/\\\/www.senneville.ca\\\/en\\\/services\\\/infrastructure\\\/reconstruction-project-of-the-ile-aux-tourtes-bridge-between-vaudreuil-dorion-and-senneville\\\/#breadcrumb\"\n\t            },\n\t            \"inLanguage\": \"en-US\",\n\t            \"potentialAction\": [\n\t                {\n\t                    \"@type\": \"ReadAction\",\n\t                    \"target\": [\n\t                        \"https:\\\/\\\/www.senneville.ca\\\/en\\\/services\\\/infrastructure\\\/reconstruction-project-of-the-ile-aux-tourtes-bridge-between-vaudreuil-dorion-and-senneville\\\/\"\n\t                    ]\n\t                }\n\t            ]\n\t        },\n\t        {\n\t            \"@type\": \"ImageObject\",\n\t            \"inLanguage\": \"en-US\",\n\t            \"@id\": \"https:\\\/\\\/www.senneville.ca\\\/en\\\/services\\\/infrastructure\\\/reconstruction-project-of-the-ile-aux-tourtes-bridge-between-vaudreuil-dorion-and-senneville\\\/#primaryimage\",\n\t            \"url\": \"https:\\\/\\\/www.senneville.ca\\\/wp-content\\\/uploads\\\/2023\\\/05\\\/img-sythese-pont-ile-aux-tourtes.png\",\n\t            \"contentUrl\": \"https:\\\/\\\/www.senneville.ca\\\/wp-content\\\/uploads\\\/2023\\\/05\\\/img-sythese-pont-ile-aux-tourtes.png\",\n\t            \"width\": 1500,\n\t            \"height\": 1000\n\t        },\n\t        {\n\t            \"@type\": \"BreadcrumbList\",\n\t            \"@id\": \"https:\\\/\\\/www.senneville.ca\\\/en\\\/services\\\/infrastructure\\\/reconstruction-project-of-the-ile-aux-tourtes-bridge-between-vaudreuil-dorion-and-senneville\\\/#breadcrumb\",\n\t            \"itemListElement\": [\n\t                {\n\t                    \"@type\": \"ListItem\",\n\t                    \"position\": 1,\n\t                    \"name\": \"Home\",\n\t                    \"item\": \"https:\\\/\\\/www.senneville.ca\\\/en\\\/\"\n\t                },\n\t                {\n\t                    \"@type\": \"ListItem\",\n\t                    \"position\": 2,\n\t                    \"name\": \"Services\",\n\t                    \"item\": \"https:\\\/\\\/www.senneville.ca\\\/en\\\/services\\\/\"\n\t                },\n\t                {\n\t                    \"@type\": \"ListItem\",\n\t                    \"position\": 3,\n\t                    \"name\": \"\u202fInfrastructure\",\n\t                    \"item\": \"https:\\\/\\\/www.senneville.ca\\\/en\\\/services\\\/infrastructure\\\/\"\n\t                },\n\t                {\n\t                    \"@type\": \"ListItem\",\n\t                    \"position\": 4,\n\t                    \"name\": \"\u00cele-aux-Tourtes Bridge\"\n\t                }\n\t            ]\n\t        },\n\t        {\n\t            \"@type\": \"WebSite\",\n\t            \"@id\": \"https:\\\/\\\/www.senneville.ca\\\/en\\\/#website\",\n\t            \"url\": \"https:\\\/\\\/www.senneville.ca\\\/en\\\/\",\n\t            \"name\": \"Village de Senneville\",\n\t            \"description\": \"Bienvenue au Village de Senneville\",\n\t            \"publisher\": {\n\t                \"@id\": \"https:\\\/\\\/www.senneville.ca\\\/en\\\/#organization\"\n\t            },\n\t            \"potentialAction\": [\n\t                {\n\t                    \"@type\": \"SearchAction\",\n\t                    \"target\": {\n\t                        \"@type\": \"EntryPoint\",\n\t                        \"urlTemplate\": \"https:\\\/\\\/www.senneville.ca\\\/en\\\/?s={search_term_string}\"\n\t                    },\n\t                    \"query-input\": {\n\t                        \"@type\": \"PropertyValueSpecification\",\n\t                        \"valueRequired\": true,\n\t                        \"valueName\": \"search_term_string\"\n\t                    }\n\t                }\n\t            ],\n\t            \"inLanguage\": \"en-US\"\n\t        },\n\t        {\n\t            \"@type\": \"Organization\",\n\t            \"@id\": \"https:\\\/\\\/www.senneville.ca\\\/en\\\/#organization\",\n\t            \"name\": \"Village de Senneville\",\n\t            \"alternateName\": \"Senneville\",\n\t            \"url\": \"https:\\\/\\\/www.senneville.ca\\\/en\\\/\",\n\t            \"logo\": {\n\t                \"@type\": \"ImageObject\",\n\t                \"inLanguage\": \"en-US\",\n\t                \"@id\": \"https:\\\/\\\/www.senneville.ca\\\/en\\\/#\\\/schema\\\/logo\\\/image\\\/\",\n\t                \"url\": \"https:\\\/\\\/www.senneville.ca\\\/wp-content\\\/uploads\\\/2022\\\/10\\\/Senneville-logo-Pantone.png\",\n\t                \"contentUrl\": \"https:\\\/\\\/www.senneville.ca\\\/wp-content\\\/uploads\\\/2022\\\/10\\\/Senneville-logo-Pantone.png\",\n\t                \"width\": 1547,\n\t                \"height\": 1810,\n\t                \"caption\": \"Village de Senneville\"\n\t            },\n\t            \"image\": {\n\t                \"@id\": \"https:\\\/\\\/www.senneville.ca\\\/en\\\/#\\\/schema\\\/logo\\\/image\\\/\"\n\t            },\n\t            \"sameAs\": [\n\t                \"https:\\\/\\\/www.facebook.com\\\/senneville.ca\",\n\t                \"https:\\\/\\\/ca.linkedin.com\\\/company\\\/village-de-senneville\",\n\t                \"https:\\\/\\\/www.instagram.com\\\/village_senneville\"\n\t            ]\n\t        }\n\t    ]\n\t}<\/script>\n<!-- \/ Yoast SEO plugin. -->","yoast_head_json":{"title":"\u00cele-aux-Tourtes Bridge - Village de Senneville","robots":{"index":"index","follow":"follow","max-snippet":"max-snippet:-1","max-image-preview":"max-image-preview:large","max-video-preview":"max-video-preview:-1"},"canonical":"https:\/\/www.senneville.ca\/en\/services\/infrastructure\/reconstruction-project-of-the-ile-aux-tourtes-bridge-between-vaudreuil-dorion-and-senneville\/","og_locale":"en_US","og_type":"article","og_title":"\u00cele-aux-Tourtes Bridge - Village de Senneville","og_description":"\u00cele-aux-Tourtes Bridge The construction of the \u00cele-aux-Tourtes Bridge will have a significant impact on our territory until the work is completed. The municipality of Senneville, in collaboration with the Minist\u00e8re des Transports et de la Mobilit\u00e9 durable, will ensure ongoing communication regarding local impacts.&nbsp; Newsletter &#8211; INFO TRAVAUX Newsletter &#8211; INFO CONSTRUCTION Minist\u00e8re des Transports [&hellip;]","og_url":"https:\/\/www.senneville.ca\/en\/services\/infrastructure\/reconstruction-project-of-the-ile-aux-tourtes-bridge-between-vaudreuil-dorion-and-senneville\/","og_site_name":"Village de Senneville","article_publisher":"https:\/\/www.facebook.com\/senneville.ca","article_modified_time":"2024-12-15T21:21:09+00:00","og_image":[{"width":1500,"height":1000,"url":"https:\/\/www.senneville.ca\/wp-content\/uploads\/2023\/05\/img-sythese-pont-ile-aux-tourtes.png","type":"image\/png"}],"twitter_card":"summary_large_image","twitter_misc":{"Est. reading time":"4 minutes"},"schema":{"@context":"https:\/\/schema.org","@graph":[{"@type":"WebPage","@id":"https:\/\/www.senneville.ca\/en\/services\/infrastructure\/reconstruction-project-of-the-ile-aux-tourtes-bridge-between-vaudreuil-dorion-and-senneville\/","url":"https:\/\/www.senneville.ca\/en\/services\/infrastructure\/reconstruction-project-of-the-ile-aux-tourtes-bridge-between-vaudreuil-dorion-and-senneville\/","name":"\u00cele-aux-Tourtes Bridge - Village de Senneville","isPartOf":{"@id":"https:\/\/www.senneville.ca\/en\/#website"},"primaryImageOfPage":{"@id":"https:\/\/www.senneville.ca\/en\/services\/infrastructure\/reconstruction-project-of-the-ile-aux-tourtes-bridge-between-vaudreuil-dorion-and-senneville\/#primaryimage"},"image":{"@id":"https:\/\/www.senneville.ca\/en\/services\/infrastructure\/reconstruction-project-of-the-ile-aux-tourtes-bridge-between-vaudreuil-dorion-and-senneville\/#primaryimage"},"thumbnailUrl":"https:\/\/www.senneville.ca\/wp-content\/uploads\/2023\/05\/img-sythese-pont-ile-aux-tourtes.png","datePublished":"2023-10-24T15:56:57+00:00","dateModified":"2024-12-15T21:21:09+00:00","breadcrumb":{"@id":"https:\/\/www.senneville.ca\/en\/services\/infrastructure\/reconstruction-project-of-the-ile-aux-tourtes-bridge-between-vaudreuil-dorion-and-senneville\/#breadcrumb"},"inLanguage":"en-US","potentialAction":[{"@type":"ReadAction","target":["https:\/\/www.senneville.ca\/en\/services\/infrastructure\/reconstruction-project-of-the-ile-aux-tourtes-bridge-between-vaudreuil-dorion-and-senneville\/"]}]},{"@type":"ImageObject","inLanguage":"en-US","@id":"https:\/\/www.senneville.ca\/en\/services\/infrastructure\/reconstruction-project-of-the-ile-aux-tourtes-bridge-between-vaudreuil-dorion-and-senneville\/#primaryimage","url":"https:\/\/www.senneville.ca\/wp-content\/uploads\/2023\/05\/img-sythese-pont-ile-aux-tourtes.png","contentUrl":"https:\/\/www.senneville.ca\/wp-content\/uploads\/2023\/05\/img-sythese-pont-ile-aux-tourtes.png","width":1500,"height":1000},{"@type":"BreadcrumbList","@id":"https:\/\/www.senneville.ca\/en\/services\/infrastructure\/reconstruction-project-of-the-ile-aux-tourtes-bridge-between-vaudreuil-dorion-and-senneville\/#breadcrumb","itemListElement":[{"@type":"ListItem","position":1,"name":"Home","item":"https:\/\/www.senneville.ca\/en\/"},{"@type":"ListItem","position":2,"name":"Services","item":"https:\/\/www.senneville.ca\/en\/services\/"},{"@type":"ListItem","position":3,"name":"\u202fInfrastructure","item":"https:\/\/www.senneville.ca\/en\/services\/infrastructure\/"},{"@type":"ListItem","position":4,"name":"\u00cele-aux-Tourtes Bridge"}]},{"@type":"WebSite","@id":"https:\/\/www.senneville.ca\/en\/#website","url":"https:\/\/www.senneville.ca\/en\/","name":"Village de Senneville","description":"Bienvenue au Village de Senneville","publisher":{"@id":"https:\/\/www.senneville.ca\/en\/#organization"},"potentialAction":[{"@type":"SearchAction","target":{"@type":"EntryPoint","urlTemplate":"https:\/\/www.senneville.ca\/en\/?s={search_term_string}"},"query-input":{"@type":"PropertyValueSpecification","valueRequired":true,"valueName":"search_term_string"}}],"inLanguage":"en-US"},{"@type":"Organization","@id":"https:\/\/www.senneville.ca\/en\/#organization","name":"Village de Senneville","alternateName":"Senneville","url":"https:\/\/www.senneville.ca\/en\/","logo":{"@type":"ImageObject","inLanguage":"en-US","@id":"https:\/\/www.senneville.ca\/en\/#\/schema\/logo\/image\/","url":"https:\/\/www.senneville.ca\/wp-content\/uploads\/2022\/10\/Senneville-logo-Pantone.png","contentUrl":"https:\/\/www.senneville.ca\/wp-content\/uploads\/2022\/10\/Senneville-logo-Pantone.png","width":1547,"height":1810,"caption":"Village de Senneville"},"image":{"@id":"https:\/\/www.senneville.ca\/en\/#\/schema\/logo\/image\/"},"sameAs":["https:\/\/www.facebook.com\/senneville.ca","https:\/\/ca.linkedin.com\/company\/village-de-senneville","https:\/\/www.instagram.com\/village_senneville"]}]}},"_links":{"self":[{"href":"https:\/\/www.senneville.ca\/en\/wp-json\/wp\/v2\/pages\/7749","targetHints":{"allow":["GET"]}}],"collection":[{"href":"https:\/\/www.senneville.ca\/en\/wp-json\/wp\/v2\/pages"}],"about":[{"href":"https:\/\/www.senneville.ca\/en\/wp-json\/wp\/v2\/types\/page"}],"author":[{"embeddable":true,"href":"https:\/\/www.senneville.ca\/en\/wp-json\/wp\/v2\/users\/5"}],"replies":[{"embeddable":true,"href":"https:\/\/www.senneville.ca\/en\/wp-json\/wp\/v2\/comments?post=7749"}],"version-history":[{"count":0,"href":"https:\/\/www.senneville.ca\/en\/wp-json\/wp\/v2\/pages\/7749\/revisions"}],"up":[{"embeddable":true,"href":"https:\/\/www.senneville.ca\/en\/wp-json\/wp\/v2\/pages\/1742"}],"wp:featuredmedia":[{"embeddable":true,"href":"https:\/\/www.senneville.ca\/en\/wp-json\/wp\/v2\/media\/5293"}],"wp:attachment":[{"href":"https:\/\/www.senneville.ca\/en\/wp-json\/wp\/v2\/media?parent=7749"}],"curies":[{"name":"wp","href":"https:\/\/api.w.org\/{rel}","templated":true}]}}