{"id":4106,"date":"2022-11-29T01:50:49","date_gmt":"2022-11-29T06:50:49","guid":{"rendered":"https:\/\/www.senneville.ca\/publications\/publications-des-partenaires\/"},"modified":"2025-07-16T11:39:12","modified_gmt":"2025-07-16T15:39:12","slug":"community-and-institutions","status":"publish","type":"page","link":"https:\/\/www.senneville.ca\/en\/municipality\/senneville-in-brief\/community-and-institutions\/","title":{"rendered":"Community and Institutions"},"content":{"rendered":"\n<div class=\"wp-block-cover alignfull is-light is-style-title-banner\"><img decoding=\"async\" width=\"2560\" height=\"1700\" class=\"wp-block-cover__image-background wp-image-1644 lazyload\" alt=\"\" data-src=\"https:\/\/www.senneville.ca\/wp-content\/uploads\/2022\/11\/publications-scaled.jpg\" data-object-fit=\"cover\" data-srcset=\"https:\/\/www.senneville.ca\/wp-content\/uploads\/2022\/11\/publications-scaled.jpg 2560w, https:\/\/www.senneville.ca\/wp-content\/uploads\/2022\/11\/publications-300x199.jpg 300w, https:\/\/www.senneville.ca\/wp-content\/uploads\/2022\/11\/publications-1024x680.jpg 1024w, https:\/\/www.senneville.ca\/wp-content\/uploads\/2022\/11\/publications-768x510.jpg 768w, https:\/\/www.senneville.ca\/wp-content\/uploads\/2022\/11\/publications-1536x1020.jpg 1536w, https:\/\/www.senneville.ca\/wp-content\/uploads\/2022\/11\/publications-2048x1360.jpg 2048w\" data-sizes=\"(max-width: 2560px) 100vw, 2560px\" src=\"data:image\/svg+xml;base64,PHN2ZyB3aWR0aD0iMSIgaGVpZ2h0PSIxIiB4bWxucz0iaHR0cDovL3d3dy53My5vcmcvMjAwMC9zdmciPjwvc3ZnPg==\" style=\"--smush-placeholder-width: 2560px; --smush-placeholder-aspect-ratio: 2560\/1700;\" \/><span aria-hidden=\"true\" class=\"wp-block-cover__background has-background-dim\"><\/span><div class=\"wp-block-cover__inner-container\"><h3 class=\"wp-block-post-title\">Community and Institutions<\/h3><\/div><\/div>\n\n\n\n<div class=\"wp-block-group alignfull has-padding-y-large has-primary-03-background-color has-background\"><div class=\"yoast-breadcrumbs alignwide \"><span class=\"breadcrumbs\"><a href=\"https:\/\/www.senneville.ca\/en\/\" class=\"breadcrumbs__element\">Home<\/a> <span class=\"breadcrumbs__separator\">\n        <svg class=\"icon icon-breadcrumb__separator\"><use xlink:href=\"#icon-breadcrumb__separator\"><\/use><\/svg>\n    <\/span> <a href=\"https:\/\/www.senneville.ca\/en\/municipality\/\" class=\"breadcrumbs__element\">Municipality<\/a> <span class=\"breadcrumbs__separator\">\n        <svg class=\"icon icon-breadcrumb__separator\"><use xlink:href=\"#icon-breadcrumb__separator\"><\/use><\/svg>\n    <\/span> <a href=\"https:\/\/www.senneville.ca\/en\/municipality\/senneville-in-brief\/\" class=\"breadcrumbs__element\">Senneville in brief<\/a> <span class=\"breadcrumbs__separator\">\n        <svg class=\"icon icon-breadcrumb__separator\"><use xlink:href=\"#icon-breadcrumb__separator\"><\/use><\/svg>\n    <\/span> <span class=\"breadcrumbs__element breadcrumbs__element-current\">Community and Institutions<\/span><\/span><\/div><\/div>\n\n\n\n<h1 class=\"wp-block-heading\">Community and Institutions<\/h1>\n\n\n\n<div class=\"act-collapsible\">\n<h2 class=\"wp-block-heading act-collapsible__heading\">Service de police de la Ville de Montr\u00e9al (SPVM) &#8211; Neighbourhood Police Station 1<\/h2>\n\n\n\n<div class=\"act-collapsible__content\"><div class=\"act-collapsible__content-inner\">\n<figure class=\"wp-block-image alignleft size-large is-resized\"><img decoding=\"async\" width=\"1024\" height=\"573\" data-src=\"https:\/\/www.senneville.ca\/wp-content\/uploads\/2025\/06\/LL_SPVM_logo.svg-1024x573.png\" alt=\"\" class=\"wp-image-15049 lazyload\" style=\"--smush-placeholder-width: 1024px; --smush-placeholder-aspect-ratio: 1024\/573;width:300px\" data-srcset=\"https:\/\/www.senneville.ca\/wp-content\/uploads\/2025\/06\/LL_SPVM_logo.svg-1024x573.png 1024w, https:\/\/www.senneville.ca\/wp-content\/uploads\/2025\/06\/LL_SPVM_logo.svg-300x168.png 300w, https:\/\/www.senneville.ca\/wp-content\/uploads\/2025\/06\/LL_SPVM_logo.svg-768x430.png 768w, https:\/\/www.senneville.ca\/wp-content\/uploads\/2025\/06\/LL_SPVM_logo.svg.png 1200w\" data-sizes=\"(max-width: 1024px) 100vw, 1024px\" src=\"data:image\/svg+xml;base64,PHN2ZyB3aWR0aD0iMSIgaGVpZ2h0PSIxIiB4bWxucz0iaHR0cDovL3d3dy53My5vcmcvMjAwMC9zdmciPjwvc3ZnPg==\" \/><\/figure>\n\n\n\n<p><strong>Follow the news from SPVM\u2019s Neighbourhood Police Station 1, which serves the cities of Baie-D\u2019Urf\u00e9, Beaconsfield, Kirkland, Sainte-Anne-de-Bellevue, and Senneville<\/strong>. You can also consult the <a href=\"https:\/\/www.senneville.ca\/wp-content\/uploads\/2023\/01\/Politique_sur_les_interpellations_policieres_du_SPVM_Document_de_presentation_2020-07-08_melv.pdf\">SPVM\u2019s Policy on Police Stops<\/a> (French only).<\/p>\n\n\n\n<div class=\"wp-block-buttons\">\n<div class=\"wp-block-button\"><a class=\"wp-block-button__link wp-element-button\" href=\"https:\/\/spvm.qc.ca\/en\">News<\/a><\/div>\n<\/div>\n<\/div><\/div>\n<\/div>\n\n\n\n<div class=\"act-collapsible\">\n<h2 class=\"wp-block-heading act-collapsible__heading\">Service de s\u00e9curit\u00e9 incendie de Montr\u00e9al (SIM)<\/h2>\n\n\n\n<div class=\"act-collapsible__content\"><div class=\"act-collapsible__content-inner\">\n<figure class=\"wp-block-image alignleft size-full is-resized\"><img decoding=\"async\" width=\"400\" height=\"400\" data-src=\"https:\/\/www.senneville.ca\/wp-content\/uploads\/2025\/06\/Logo-SIM.png\" alt=\"\" class=\"wp-image-15035 lazyload\" style=\"--smush-placeholder-width: 400px; --smush-placeholder-aspect-ratio: 400\/400;width:300px\" data-srcset=\"https:\/\/www.senneville.ca\/wp-content\/uploads\/2025\/06\/Logo-SIM.png 400w, https:\/\/www.senneville.ca\/wp-content\/uploads\/2025\/06\/Logo-SIM-300x300.png 300w, https:\/\/www.senneville.ca\/wp-content\/uploads\/2025\/06\/Logo-SIM-150x150.png 150w\" data-sizes=\"(max-width: 400px) 100vw, 400px\" src=\"data:image\/svg+xml;base64,PHN2ZyB3aWR0aD0iMSIgaGVpZ2h0PSIxIiB4bWxucz0iaHR0cDovL3d3dy53My5vcmcvMjAwMC9zdmciPjwvc3ZnPg==\" \/><\/figure>\n\n\n\n<p><strong>Follow the news from the Montreal Fire Department.<\/strong><\/p>\n\n\n\n<div class=\"wp-block-buttons\">\n<div class=\"wp-block-button\"><a class=\"wp-block-button__link wp-element-button\" href=\"https:\/\/sim.montreal.ca\/en\">News<\/a><\/div>\n<\/div>\n<\/div><\/div>\n<\/div>\n\n\n\n<div class=\"act-collapsible\">\n<h2 class=\"wp-block-heading act-collapsible__heading\">Montreal Agglomeration<\/h2>\n\n\n\n<div class=\"act-collapsible__content\"><div class=\"act-collapsible__content-inner\">\n<figure class=\"wp-block-image alignleft size-full is-resized\"><img decoding=\"async\" data-src=\"https:\/\/www.senneville.ca\/wp-content\/uploads\/2025\/06\/20180302011534Logo_Montreal.svg\" alt=\"\" class=\"wp-image-15047 lazyload\" style=\"width:300px\" src=\"data:image\/svg+xml;base64,PHN2ZyB3aWR0aD0iMSIgaGVpZ2h0PSIxIiB4bWxucz0iaHR0cDovL3d3dy53My5vcmcvMjAwMC9zdmciPjwvc3ZnPg==\" \/><\/figure>\n\n\n\n<p><strong>Follow the news from the Montr\u00e9al Agglomeration.<\/strong> To learn about resources related to your housing, <a href=\"https:\/\/www.senneville.ca\/wp-content\/uploads\/2025\/07\/Affiche_Aide_au_relogement.pdf\">click here<\/a>. (french only)<\/p>\n\n\n\n<div class=\"wp-block-buttons\">\n<div class=\"wp-block-button\"><a class=\"wp-block-button__link wp-element-button\" href=\"https:\/\/montreal.ca\/en\/city-government\/agglomeration-council\">News<\/a><\/div>\n<\/div>\n<\/div><\/div>\n<\/div>\n\n\n\n<div class=\"act-collapsible\">\n<h2 class=\"wp-block-heading act-collapsible__heading\">CIUSSS<\/h2>\n\n\n\n<div class=\"act-collapsible__content\"><div class=\"act-collapsible__content-inner\">\n<figure class=\"wp-block-image alignleft size-full is-resized\"><img decoding=\"async\" width=\"1000\" height=\"453\" data-src=\"https:\/\/www.senneville.ca\/wp-content\/uploads\/2025\/06\/Logo_du_CIUSSS_Centre-Ouest-de-lIle-de-Montreal.png\" alt=\"\" class=\"wp-image-15037 lazyload\" style=\"--smush-placeholder-width: 1000px; --smush-placeholder-aspect-ratio: 1000\/453;width:300px\" data-srcset=\"https:\/\/www.senneville.ca\/wp-content\/uploads\/2025\/06\/Logo_du_CIUSSS_Centre-Ouest-de-lIle-de-Montreal.png 1000w, https:\/\/www.senneville.ca\/wp-content\/uploads\/2025\/06\/Logo_du_CIUSSS_Centre-Ouest-de-lIle-de-Montreal-300x136.png 300w, https:\/\/www.senneville.ca\/wp-content\/uploads\/2025\/06\/Logo_du_CIUSSS_Centre-Ouest-de-lIle-de-Montreal-768x348.png 768w\" data-sizes=\"(max-width: 1000px) 100vw, 1000px\" src=\"data:image\/svg+xml;base64,PHN2ZyB3aWR0aD0iMSIgaGVpZ2h0PSIxIiB4bWxucz0iaHR0cDovL3d3dy53My5vcmcvMjAwMC9zdmciPjwvc3ZnPg==\" \/><\/figure>\n\n\n\n<p><strong>Follow the news from the Montr\u00e9al West Island Integrated University Health and Social Services Centre.<\/strong><\/p>\n\n\n\n<div class=\"wp-block-buttons\">\n<div class=\"wp-block-button\"><a class=\"wp-block-button__link wp-element-button\" href=\"https:\/\/ciusss-ouestmtl.gouv.qc.ca\/en\/home\/?utm_source=clinia.ca&amp;utm_medium=referral\">News<\/a><\/div>\n<\/div>\n<\/div><\/div>\n<\/div>\n\n\n\n<div class=\"act-collapsible\">\n<h2 class=\"wp-block-heading act-collapsible__heading\">Minist\u00e8re des Transports et de la Mobilit\u00e9 durable (MTMD)<\/h2>\n\n\n\n<div class=\"act-collapsible__content\"><div class=\"act-collapsible__content-inner\">\n<figure class=\"wp-block-image alignleft size-full is-resized\"><img decoding=\"async\" width=\"868\" height=\"250\" data-src=\"https:\/\/www.senneville.ca\/wp-content\/uploads\/2025\/06\/Logo-ministere-des-Transports-et-de-la-Mobilite-durable.png\" alt=\"\" class=\"wp-image-15039 lazyload\" style=\"--smush-placeholder-width: 868px; --smush-placeholder-aspect-ratio: 868\/250;width:300px\" data-srcset=\"https:\/\/www.senneville.ca\/wp-content\/uploads\/2025\/06\/Logo-ministere-des-Transports-et-de-la-Mobilite-durable.png 868w, https:\/\/www.senneville.ca\/wp-content\/uploads\/2025\/06\/Logo-ministere-des-Transports-et-de-la-Mobilite-durable-300x86.png 300w, https:\/\/www.senneville.ca\/wp-content\/uploads\/2025\/06\/Logo-ministere-des-Transports-et-de-la-Mobilite-durable-768x221.png 768w, https:\/\/www.senneville.ca\/wp-content\/uploads\/2025\/06\/Logo-ministere-des-Transports-et-de-la-Mobilite-durable-350x100.png 350w\" data-sizes=\"(max-width: 868px) 100vw, 868px\" src=\"data:image\/svg+xml;base64,PHN2ZyB3aWR0aD0iMSIgaGVpZ2h0PSIxIiB4bWxucz0iaHR0cDovL3d3dy53My5vcmcvMjAwMC9zdmciPjwvc3ZnPg==\" \/><\/figure>\n\n\n\n<p><strong>Follow the news from the MTMD regarding, among other things, the work on the \u00cele-aux-Tourtes Bridge.<\/strong><\/p>\n\n\n\n<div class=\"wp-block-buttons\">\n<div class=\"wp-block-button\"><a class=\"wp-block-button__link wp-element-button\" href=\"https:\/\/www.quebec.ca\/en\/transports\/infrastructures-transport-projects\/transport-projects\/road-projects\/montreal\/ile-aux-tourtes-bridge-maintenance-and-reconstruction\">News<\/a><\/div>\n<\/div>\n<\/div><\/div>\n<\/div>\n\n\n\n<div class=\"act-collapsible\">\n<h2 class=\"wp-block-heading act-collapsible__heading\">Autorit\u00e9 r\u00e9gionale de transport m\u00e9tropolitain (ARTM)<\/h2>\n\n\n\n<div class=\"act-collapsible__content\"><div class=\"act-collapsible__content-inner\">\n<figure class=\"wp-block-image alignleft size-large is-resized\"><img decoding=\"async\" width=\"1024\" height=\"551\" data-src=\"https:\/\/www.senneville.ca\/wp-content\/uploads\/2025\/06\/Logo-ARTM-1024x551.jpg\" alt=\"\" class=\"wp-image-15041 lazyload\" style=\"--smush-placeholder-width: 1024px; --smush-placeholder-aspect-ratio: 1024\/551;width:300px\" data-srcset=\"https:\/\/www.senneville.ca\/wp-content\/uploads\/2025\/06\/Logo-ARTM-1024x551.jpg 1024w, https:\/\/www.senneville.ca\/wp-content\/uploads\/2025\/06\/Logo-ARTM-300x162.jpg 300w, https:\/\/www.senneville.ca\/wp-content\/uploads\/2025\/06\/Logo-ARTM-768x414.jpg 768w, https:\/\/www.senneville.ca\/wp-content\/uploads\/2025\/06\/Logo-ARTM-1536x827.jpg 1536w, https:\/\/www.senneville.ca\/wp-content\/uploads\/2025\/06\/Logo-ARTM-2048x1103.jpg 2048w\" data-sizes=\"(max-width: 1024px) 100vw, 1024px\" src=\"data:image\/svg+xml;base64,PHN2ZyB3aWR0aD0iMSIgaGVpZ2h0PSIxIiB4bWxucz0iaHR0cDovL3d3dy53My5vcmcvMjAwMC9zdmciPjwvc3ZnPg==\" \/><\/figure>\n\n\n\n<p><strong>Follow the news from ARTM, which oversees <a href=\"https:\/\/exo.quebec\/en\">EXO<\/a>, the <a href=\"https:\/\/rem.info\/en\">REM<\/a>, and the <a href=\"https:\/\/www.stm.info\/en\/info\/networks\/shared-taxibus\/281-senneville\">STM<\/a> on our territory.<\/strong><\/p>\n\n\n\n<div class=\"wp-block-buttons\">\n<div class=\"wp-block-button\"><a class=\"wp-block-button__link wp-element-button\" href=\"https:\/\/www.artm.quebec\/category\/nouvelles\/\">News<\/a><\/div>\n<\/div>\n<\/div><\/div>\n<\/div>\n\n\n\n<div class=\"act-collapsible\">\n<h2 class=\"wp-block-heading act-collapsible__heading\"><strong>Nature Conservancy of Canada (NCC<\/strong>)<\/h2>\n\n\n\n<div class=\"act-collapsible__content\"><div class=\"act-collapsible__content-inner\">\n<figure class=\"wp-block-image alignleft size-large is-resized\"><img decoding=\"async\" width=\"1024\" height=\"792\" data-src=\"https:\/\/www.senneville.ca\/wp-content\/uploads\/2025\/06\/NCC_Wordmark_E_Logo_RGB-1024x792.jpg\" alt=\"\" class=\"wp-image-15138 lazyload\" style=\"--smush-placeholder-width: 1024px; --smush-placeholder-aspect-ratio: 1024\/792;width:300px\" data-srcset=\"https:\/\/www.senneville.ca\/wp-content\/uploads\/2025\/06\/NCC_Wordmark_E_Logo_RGB-1024x792.jpg 1024w, https:\/\/www.senneville.ca\/wp-content\/uploads\/2025\/06\/NCC_Wordmark_E_Logo_RGB-300x232.jpg 300w, https:\/\/www.senneville.ca\/wp-content\/uploads\/2025\/06\/NCC_Wordmark_E_Logo_RGB-768x594.jpg 768w, https:\/\/www.senneville.ca\/wp-content\/uploads\/2025\/06\/NCC_Wordmark_E_Logo_RGB.jpg 1110w\" data-sizes=\"(max-width: 1024px) 100vw, 1024px\" src=\"data:image\/svg+xml;base64,PHN2ZyB3aWR0aD0iMSIgaGVpZ2h0PSIxIiB4bWxucz0iaHR0cDovL3d3dy53My5vcmcvMjAwMC9zdmciPjwvc3ZnPg==\" \/><\/figure>\n\n\n\n<p><strong>Follow the news from NCC, <\/strong><\/p>\n\n\n\n<div class=\"wp-block-buttons\">\n<div class=\"wp-block-button\"><a class=\"wp-block-button__link wp-element-button\" href=\"https:\/\/www.natureconservancy.ca\/en\/\">News<\/a><\/div>\n<\/div>\n<\/div><\/div>\n<\/div>\n\n\n\n<div class=\"act-collapsible\">\n<h2 class=\"wp-block-heading act-collapsible__heading\">Service Canada<\/h2>\n\n\n\n<div class=\"act-collapsible__content\"><div class=\"act-collapsible__content-inner\">\n<figure class=\"wp-block-image alignleft size-full is-resized\"><img decoding=\"async\" width=\"1024\" height=\"683\" data-src=\"https:\/\/www.senneville.ca\/wp-content\/uploads\/2025\/06\/Service-Canada-1024x683-1.jpg\" alt=\"\" class=\"wp-image-15043 lazyload\" style=\"--smush-placeholder-width: 1024px; --smush-placeholder-aspect-ratio: 1024\/683;width:300px\" data-srcset=\"https:\/\/www.senneville.ca\/wp-content\/uploads\/2025\/06\/Service-Canada-1024x683-1.jpg 1024w, https:\/\/www.senneville.ca\/wp-content\/uploads\/2025\/06\/Service-Canada-1024x683-1-300x200.jpg 300w, https:\/\/www.senneville.ca\/wp-content\/uploads\/2025\/06\/Service-Canada-1024x683-1-768x512.jpg 768w\" data-sizes=\"(max-width: 1024px) 100vw, 1024px\" src=\"data:image\/svg+xml;base64,PHN2ZyB3aWR0aD0iMSIgaGVpZ2h0PSIxIiB4bWxucz0iaHR0cDovL3d3dy53My5vcmcvMjAwMC9zdmciPjwvc3ZnPg==\" \/><\/figure>\n\n\n\n<p><strong>Visit Service Canada to learn about the programs and services the government offers to Canadians.<\/strong><\/p>\n\n\n\n<div class=\"wp-block-buttons\">\n<div class=\"wp-block-button\"><a class=\"wp-block-button__link wp-element-button\" href=\"https:\/\/www.canada.ca\/en\/employment-social-development\/corporate\/portfolio\/service-canada.html\">Website<\/a><\/div>\n<\/div>\n<\/div><\/div>\n<\/div>\n","protected":false},"excerpt":{"rendered":"<p>Community and Institutions<\/p>\n","protected":false},"author":1,"featured_media":0,"parent":1687,"menu_order":10,"comment_status":"closed","ping_status":"closed","template":"","meta":{"_acf_changed":false,"inline_featured_image":false,"footnotes":""},"class_list":["post-4106","page","type-page","status-publish","hentry"],"acf":[],"yoast_head":"<!-- This site is optimized with the Yoast SEO plugin v27.4 - https:\/\/yoast.com\/product\/yoast-seo-wordpress\/ -->\n<title>Community and Institutions - Village de Senneville<\/title>\n<meta name=\"robots\" content=\"index, follow, max-snippet:-1, max-image-preview:large, max-video-preview:-1\" \/>\n<link rel=\"canonical\" href=\"https:\/\/www.senneville.ca\/en\/municipality\/senneville-in-brief\/community-and-institutions\/\" \/>\n<meta property=\"og:locale\" content=\"en_US\" \/>\n<meta property=\"og:type\" content=\"article\" \/>\n<meta property=\"og:title\" content=\"Community and Institutions - Village de Senneville\" \/>\n<meta property=\"og:description\" content=\"Community and Institutions\" \/>\n<meta property=\"og:url\" content=\"https:\/\/www.senneville.ca\/en\/municipality\/senneville-in-brief\/community-and-institutions\/\" \/>\n<meta property=\"og:site_name\" content=\"Village de Senneville\" \/>\n<meta property=\"article:publisher\" content=\"https:\/\/www.facebook.com\/senneville.ca\" \/>\n<meta property=\"article:modified_time\" content=\"2025-07-16T15:39:12+00:00\" \/>\n<meta property=\"og:image\" content=\"https:\/\/www.senneville.ca\/wp-content\/uploads\/2022\/11\/publications-scaled.jpg\" \/>\n\t<meta property=\"og:image:width\" content=\"2560\" \/>\n\t<meta property=\"og:image:height\" content=\"1700\" \/>\n\t<meta property=\"og:image:type\" content=\"image\/jpeg\" \/>\n<meta name=\"twitter:card\" content=\"summary_large_image\" \/>\n<meta name=\"twitter:label1\" content=\"Est. reading time\" \/>\n\t<meta name=\"twitter:data1\" content=\"3 minutes\" \/>\n<script type=\"application\/ld+json\" class=\"yoast-schema-graph\">{\n\t    \"@context\": \"https:\\\/\\\/schema.org\",\n\t    \"@graph\": [\n\t        {\n\t            \"@type\": \"WebPage\",\n\t            \"@id\": \"https:\\\/\\\/www.senneville.ca\\\/en\\\/municipality\\\/senneville-in-brief\\\/community-and-institutions\\\/\",\n\t            \"url\": \"https:\\\/\\\/www.senneville.ca\\\/en\\\/municipality\\\/senneville-in-brief\\\/community-and-institutions\\\/\",\n\t            \"name\": \"Community and Institutions - Village de Senneville\",\n\t            \"isPartOf\": {\n\t                \"@id\": \"https:\\\/\\\/www.senneville.ca\\\/en\\\/#website\"\n\t            },\n\t            \"primaryImageOfPage\": {\n\t                \"@id\": \"https:\\\/\\\/www.senneville.ca\\\/en\\\/municipality\\\/senneville-in-brief\\\/community-and-institutions\\\/#primaryimage\"\n\t            },\n\t            \"image\": {\n\t                \"@id\": \"https:\\\/\\\/www.senneville.ca\\\/en\\\/municipality\\\/senneville-in-brief\\\/community-and-institutions\\\/#primaryimage\"\n\t            },\n\t            \"thumbnailUrl\": \"https:\\\/\\\/www.senneville.ca\\\/wp-content\\\/uploads\\\/2022\\\/11\\\/publications-scaled.jpg\",\n\t            \"datePublished\": \"2022-11-29T06:50:49+00:00\",\n\t            \"dateModified\": \"2025-07-16T15:39:12+00:00\",\n\t            \"breadcrumb\": {\n\t                \"@id\": \"https:\\\/\\\/www.senneville.ca\\\/en\\\/municipality\\\/senneville-in-brief\\\/community-and-institutions\\\/#breadcrumb\"\n\t            },\n\t            \"inLanguage\": \"en-US\",\n\t            \"potentialAction\": [\n\t                {\n\t                    \"@type\": \"ReadAction\",\n\t                    \"target\": [\n\t                        \"https:\\\/\\\/www.senneville.ca\\\/en\\\/municipality\\\/senneville-in-brief\\\/community-and-institutions\\\/\"\n\t                    ]\n\t                }\n\t            ]\n\t        },\n\t        {\n\t            \"@type\": \"ImageObject\",\n\t            \"inLanguage\": \"en-US\",\n\t            \"@id\": \"https:\\\/\\\/www.senneville.ca\\\/en\\\/municipality\\\/senneville-in-brief\\\/community-and-institutions\\\/#primaryimage\",\n\t            \"url\": \"https:\\\/\\\/www.senneville.ca\\\/wp-content\\\/uploads\\\/2022\\\/11\\\/publications-scaled.jpg\",\n\t            \"contentUrl\": \"https:\\\/\\\/www.senneville.ca\\\/wp-content\\\/uploads\\\/2022\\\/11\\\/publications-scaled.jpg\"\n\t        },\n\t        {\n\t            \"@type\": \"BreadcrumbList\",\n\t            \"@id\": \"https:\\\/\\\/www.senneville.ca\\\/en\\\/municipality\\\/senneville-in-brief\\\/community-and-institutions\\\/#breadcrumb\",\n\t            \"itemListElement\": [\n\t                {\n\t                    \"@type\": \"ListItem\",\n\t                    \"position\": 1,\n\t                    \"name\": \"Home\",\n\t                    \"item\": \"https:\\\/\\\/www.senneville.ca\\\/en\\\/\"\n\t                },\n\t                {\n\t                    \"@type\": \"ListItem\",\n\t                    \"position\": 2,\n\t                    \"name\": \"Municipality\",\n\t                    \"item\": \"https:\\\/\\\/www.senneville.ca\\\/en\\\/municipality\\\/\"\n\t                },\n\t                {\n\t                    \"@type\": \"ListItem\",\n\t                    \"position\": 3,\n\t                    \"name\": \"Senneville in brief\",\n\t                    \"item\": \"https:\\\/\\\/www.senneville.ca\\\/en\\\/municipality\\\/senneville-in-brief\\\/\"\n\t                },\n\t                {\n\t                    \"@type\": \"ListItem\",\n\t                    \"position\": 4,\n\t                    \"name\": \"Community and Institutions\"\n\t                }\n\t            ]\n\t        },\n\t        {\n\t            \"@type\": \"WebSite\",\n\t            \"@id\": \"https:\\\/\\\/www.senneville.ca\\\/en\\\/#website\",\n\t            \"url\": \"https:\\\/\\\/www.senneville.ca\\\/en\\\/\",\n\t            \"name\": \"Village de Senneville\",\n\t            \"description\": \"Bienvenue au Village de Senneville\",\n\t            \"publisher\": {\n\t                \"@id\": \"https:\\\/\\\/www.senneville.ca\\\/en\\\/#organization\"\n\t            },\n\t            \"potentialAction\": [\n\t                {\n\t                    \"@type\": \"SearchAction\",\n\t                    \"target\": {\n\t                        \"@type\": \"EntryPoint\",\n\t                        \"urlTemplate\": \"https:\\\/\\\/www.senneville.ca\\\/en\\\/?s={search_term_string}\"\n\t                    },\n\t                    \"query-input\": {\n\t                        \"@type\": \"PropertyValueSpecification\",\n\t                        \"valueRequired\": true,\n\t                        \"valueName\": \"search_term_string\"\n\t                    }\n\t                }\n\t            ],\n\t            \"inLanguage\": \"en-US\"\n\t        },\n\t        {\n\t            \"@type\": \"Organization\",\n\t            \"@id\": \"https:\\\/\\\/www.senneville.ca\\\/en\\\/#organization\",\n\t            \"name\": \"Village de Senneville\",\n\t            \"alternateName\": \"Senneville\",\n\t            \"url\": \"https:\\\/\\\/www.senneville.ca\\\/en\\\/\",\n\t            \"logo\": {\n\t                \"@type\": \"ImageObject\",\n\t                \"inLanguage\": \"en-US\",\n\t                \"@id\": \"https:\\\/\\\/www.senneville.ca\\\/en\\\/#\\\/schema\\\/logo\\\/image\\\/\",\n\t                \"url\": \"https:\\\/\\\/www.senneville.ca\\\/wp-content\\\/uploads\\\/2022\\\/10\\\/Senneville-logo-Pantone.png\",\n\t                \"contentUrl\": \"https:\\\/\\\/www.senneville.ca\\\/wp-content\\\/uploads\\\/2022\\\/10\\\/Senneville-logo-Pantone.png\",\n\t                \"width\": 1547,\n\t                \"height\": 1810,\n\t                \"caption\": \"Village de Senneville\"\n\t            },\n\t            \"image\": {\n\t                \"@id\": \"https:\\\/\\\/www.senneville.ca\\\/en\\\/#\\\/schema\\\/logo\\\/image\\\/\"\n\t            },\n\t            \"sameAs\": [\n\t                \"https:\\\/\\\/www.facebook.com\\\/senneville.ca\",\n\t                \"https:\\\/\\\/ca.linkedin.com\\\/company\\\/village-de-senneville\",\n\t                \"https:\\\/\\\/www.instagram.com\\\/village_senneville\"\n\t            ]\n\t        }\n\t    ]\n\t}<\/script>\n<!-- \/ Yoast SEO plugin. -->","yoast_head_json":{"title":"Community and Institutions - Village de Senneville","robots":{"index":"index","follow":"follow","max-snippet":"max-snippet:-1","max-image-preview":"max-image-preview:large","max-video-preview":"max-video-preview:-1"},"canonical":"https:\/\/www.senneville.ca\/en\/municipality\/senneville-in-brief\/community-and-institutions\/","og_locale":"en_US","og_type":"article","og_title":"Community and Institutions - Village de Senneville","og_description":"Community and Institutions","og_url":"https:\/\/www.senneville.ca\/en\/municipality\/senneville-in-brief\/community-and-institutions\/","og_site_name":"Village de Senneville","article_publisher":"https:\/\/www.facebook.com\/senneville.ca","article_modified_time":"2025-07-16T15:39:12+00:00","og_image":[{"width":2560,"height":1700,"url":"https:\/\/www.senneville.ca\/wp-content\/uploads\/2022\/11\/publications-scaled.jpg","type":"image\/jpeg"}],"twitter_card":"summary_large_image","twitter_misc":{"Est. reading time":"3 minutes"},"schema":{"@context":"https:\/\/schema.org","@graph":[{"@type":"WebPage","@id":"https:\/\/www.senneville.ca\/en\/municipality\/senneville-in-brief\/community-and-institutions\/","url":"https:\/\/www.senneville.ca\/en\/municipality\/senneville-in-brief\/community-and-institutions\/","name":"Community and Institutions - Village de Senneville","isPartOf":{"@id":"https:\/\/www.senneville.ca\/en\/#website"},"primaryImageOfPage":{"@id":"https:\/\/www.senneville.ca\/en\/municipality\/senneville-in-brief\/community-and-institutions\/#primaryimage"},"image":{"@id":"https:\/\/www.senneville.ca\/en\/municipality\/senneville-in-brief\/community-and-institutions\/#primaryimage"},"thumbnailUrl":"https:\/\/www.senneville.ca\/wp-content\/uploads\/2022\/11\/publications-scaled.jpg","datePublished":"2022-11-29T06:50:49+00:00","dateModified":"2025-07-16T15:39:12+00:00","breadcrumb":{"@id":"https:\/\/www.senneville.ca\/en\/municipality\/senneville-in-brief\/community-and-institutions\/#breadcrumb"},"inLanguage":"en-US","potentialAction":[{"@type":"ReadAction","target":["https:\/\/www.senneville.ca\/en\/municipality\/senneville-in-brief\/community-and-institutions\/"]}]},{"@type":"ImageObject","inLanguage":"en-US","@id":"https:\/\/www.senneville.ca\/en\/municipality\/senneville-in-brief\/community-and-institutions\/#primaryimage","url":"https:\/\/www.senneville.ca\/wp-content\/uploads\/2022\/11\/publications-scaled.jpg","contentUrl":"https:\/\/www.senneville.ca\/wp-content\/uploads\/2022\/11\/publications-scaled.jpg"},{"@type":"BreadcrumbList","@id":"https:\/\/www.senneville.ca\/en\/municipality\/senneville-in-brief\/community-and-institutions\/#breadcrumb","itemListElement":[{"@type":"ListItem","position":1,"name":"Home","item":"https:\/\/www.senneville.ca\/en\/"},{"@type":"ListItem","position":2,"name":"Municipality","item":"https:\/\/www.senneville.ca\/en\/municipality\/"},{"@type":"ListItem","position":3,"name":"Senneville in brief","item":"https:\/\/www.senneville.ca\/en\/municipality\/senneville-in-brief\/"},{"@type":"ListItem","position":4,"name":"Community and Institutions"}]},{"@type":"WebSite","@id":"https:\/\/www.senneville.ca\/en\/#website","url":"https:\/\/www.senneville.ca\/en\/","name":"Village de Senneville","description":"Bienvenue au Village de Senneville","publisher":{"@id":"https:\/\/www.senneville.ca\/en\/#organization"},"potentialAction":[{"@type":"SearchAction","target":{"@type":"EntryPoint","urlTemplate":"https:\/\/www.senneville.ca\/en\/?s={search_term_string}"},"query-input":{"@type":"PropertyValueSpecification","valueRequired":true,"valueName":"search_term_string"}}],"inLanguage":"en-US"},{"@type":"Organization","@id":"https:\/\/www.senneville.ca\/en\/#organization","name":"Village de Senneville","alternateName":"Senneville","url":"https:\/\/www.senneville.ca\/en\/","logo":{"@type":"ImageObject","inLanguage":"en-US","@id":"https:\/\/www.senneville.ca\/en\/#\/schema\/logo\/image\/","url":"https:\/\/www.senneville.ca\/wp-content\/uploads\/2022\/10\/Senneville-logo-Pantone.png","contentUrl":"https:\/\/www.senneville.ca\/wp-content\/uploads\/2022\/10\/Senneville-logo-Pantone.png","width":1547,"height":1810,"caption":"Village de Senneville"},"image":{"@id":"https:\/\/www.senneville.ca\/en\/#\/schema\/logo\/image\/"},"sameAs":["https:\/\/www.facebook.com\/senneville.ca","https:\/\/ca.linkedin.com\/company\/village-de-senneville","https:\/\/www.instagram.com\/village_senneville"]}]}},"_links":{"self":[{"href":"https:\/\/www.senneville.ca\/en\/wp-json\/wp\/v2\/pages\/4106","targetHints":{"allow":["GET"]}}],"collection":[{"href":"https:\/\/www.senneville.ca\/en\/wp-json\/wp\/v2\/pages"}],"about":[{"href":"https:\/\/www.senneville.ca\/en\/wp-json\/wp\/v2\/types\/page"}],"author":[{"embeddable":true,"href":"https:\/\/www.senneville.ca\/en\/wp-json\/wp\/v2\/users\/1"}],"replies":[{"embeddable":true,"href":"https:\/\/www.senneville.ca\/en\/wp-json\/wp\/v2\/comments?post=4106"}],"version-history":[{"count":0,"href":"https:\/\/www.senneville.ca\/en\/wp-json\/wp\/v2\/pages\/4106\/revisions"}],"up":[{"embeddable":true,"href":"https:\/\/www.senneville.ca\/en\/wp-json\/wp\/v2\/pages\/1687"}],"wp:attachment":[{"href":"https:\/\/www.senneville.ca\/en\/wp-json\/wp\/v2\/media?parent=4106"}],"curies":[{"name":"wp","href":"https:\/\/api.w.org\/{rel}","templated":true}]}}