{"id":4050,"date":"2022-09-12T03:40:55","date_gmt":"2022-09-12T07:40:55","guid":{"rendered":"https:\/\/www.senneville.ca\/accueil\/"},"modified":"2026-04-19T09:16:53","modified_gmt":"2026-04-19T13:16:53","slug":"home","status":"publish","type":"page","link":"https:\/\/www.senneville.ca\/en\/","title":{"rendered":"Welcome to the Village of Senneville"},"content":{"rendered":"\n<div class=\"wp-block-cover alignfull is-style-title-banner is-style-home-hero\"><img decoding=\"async\" width=\"2560\" height=\"1340\" class=\"wp-block-cover__image-background wp-image-20458 size-full lazyload\" alt=\"\" data-src=\"https:\/\/www.senneville.ca\/wp-content\/uploads\/2026\/04\/Banniere-Site-Web-Crue-printaniere-mode-intervention-2-scaled.jpg\" data-object-fit=\"cover\" data-srcset=\"https:\/\/www.senneville.ca\/wp-content\/uploads\/2026\/04\/Banniere-Site-Web-Crue-printaniere-mode-intervention-2-scaled.jpg 2560w, https:\/\/www.senneville.ca\/wp-content\/uploads\/2026\/04\/Banniere-Site-Web-Crue-printaniere-mode-intervention-2-300x157.jpg 300w, https:\/\/www.senneville.ca\/wp-content\/uploads\/2026\/04\/Banniere-Site-Web-Crue-printaniere-mode-intervention-2-1024x536.jpg 1024w, https:\/\/www.senneville.ca\/wp-content\/uploads\/2026\/04\/Banniere-Site-Web-Crue-printaniere-mode-intervention-2-768x402.jpg 768w, https:\/\/www.senneville.ca\/wp-content\/uploads\/2026\/04\/Banniere-Site-Web-Crue-printaniere-mode-intervention-2-1536x804.jpg 1536w, https:\/\/www.senneville.ca\/wp-content\/uploads\/2026\/04\/Banniere-Site-Web-Crue-printaniere-mode-intervention-2-2048x1072.jpg 2048w\" data-sizes=\"(max-width: 2560px) 100vw, 2560px\" src=\"data:image\/svg+xml;base64,PHN2ZyB3aWR0aD0iMSIgaGVpZ2h0PSIxIiB4bWxucz0iaHR0cDovL3d3dy53My5vcmcvMjAwMC9zdmciPjwvc3ZnPg==\" style=\"--smush-placeholder-width: 2560px; --smush-placeholder-aspect-ratio: 2560\/1340;\" \/><span aria-hidden=\"true\" class=\"wp-block-cover__background has-background-dim-0 has-background-dim\" style=\"background-color:#e04548\"><\/span><div class=\"wp-block-cover__inner-container\">\n<h1 class=\"wp-block-heading wp-block-post-title\">Welcome to the <br>Village of Senneville<\/h1>\n\n\n<form role=\"search\" method=\"get\" action=\"https:\/\/www.senneville.ca\/en\/\" class=\"wp-block-search__button-inside wp-block-search__icon-button is-style-on-hero wp-block-search\"    ><label class=\"wp-block-search__label screen-reader-text\" for=\"wp-block-search__input-2\" >Recherche<\/label><div class=\"wp-block-search__inside-wrapper\" ><input class=\"wp-block-search__input\" id=\"wp-block-search__input-2\" placeholder=\"What are you looking for?\" value=\"\" type=\"search\" name=\"s\" required \/><button aria-label=\"Recherche\" class=\"wp-block-search__button has-icon wp-element-button\" type=\"submit\" ><svg class=\"search-icon\" viewBox=\"0 0 24 24\" width=\"24\" height=\"24\">\n\t\t\t\t\t<path d=\"M13 5c-3.3 0-6 2.7-6 6 0 1.4.5 2.7 1.3 3.7l-3.8 3.8 1.1 1.1 3.8-3.8c1 .8 2.3 1.3 3.7 1.3 3.3 0 6-2.7 6-6S16.3 5 13 5zm0 10.5c-2.5 0-4.5-2-4.5-4.5s2-4.5 4.5-4.5 4.5 2 4.5 4.5-2 4.5-4.5 4.5z\"><\/path>\n\t\t\t\t<\/svg><\/button><\/div><\/form><\/div><\/div>\n\n\n<nav class=\"align is-style-on-hero alignwide extrawide act-quick-links\">\n    <ul class=\"act-quick-links__wrapper\">\n        <li class=\"act-quick-links__item\">\n                    <a href=\"https:\/\/www.senneville.ca\/en\/services\/emergency-and-public-security\/floods\/\" class=\"act-quick-links__link\" target=\"\">\n                        <div class=\"act-quick-links__icon\"><img decoding=\"async\" data-src=\"https:\/\/www.senneville.ca\/wp-content\/uploads\/2026\/04\/eau.png\" width=\"64\" height=\"64\" alt=\"\" src=\"data:image\/svg+xml;base64,PHN2ZyB3aWR0aD0iMSIgaGVpZ2h0PSIxIiB4bWxucz0iaHR0cDovL3d3dy53My5vcmcvMjAwMC9zdmciPjwvc3ZnPg==\" class=\"lazyload\" style=\"--smush-placeholder-width: 64px; --smush-placeholder-aspect-ratio: 64\/64;\" \/><\/div>\n                        <span class=\"act-quick-links__text\">Spring Flooding<\/span>\n                    <\/a>\n                <\/li><li class=\"act-quick-links__item\">\n                    <a href=\"https:\/\/www.senneville.ca\/en\/services\/online-request\/\" class=\"act-quick-links__link\" target=\"\">\n                        <div class=\"act-quick-links__icon\"><img decoding=\"async\" data-src=\"https:\/\/www.senneville.ca\/wp-content\/uploads\/2025\/07\/demander-1.png\" width=\"64\" height=\"64\" alt=\"\" src=\"data:image\/svg+xml;base64,PHN2ZyB3aWR0aD0iMSIgaGVpZ2h0PSIxIiB4bWxucz0iaHR0cDovL3d3dy53My5vcmcvMjAwMC9zdmciPjwvc3ZnPg==\" class=\"lazyload\" style=\"--smush-placeholder-width: 64px; --smush-placeholder-aspect-ratio: 64\/64;\" \/><\/div>\n                        <span class=\"act-quick-links__text\">Online request<\/span>\n                    <\/a>\n                <\/li><li class=\"act-quick-links__item\">\n                    <a href=\"https:\/\/www.senneville.ca\/en\/municipality\/positions\/\" class=\"act-quick-links__link\" target=\"\">\n                        <div class=\"act-quick-links__icon\"><img decoding=\"async\" data-src=\"https:\/\/www.senneville.ca\/wp-content\/uploads\/2025\/07\/trouver-un-emploi-1.png\" width=\"64\" height=\"64\" alt=\"\" src=\"data:image\/svg+xml;base64,PHN2ZyB3aWR0aD0iMSIgaGVpZ2h0PSIxIiB4bWxucz0iaHR0cDovL3d3dy53My5vcmcvMjAwMC9zdmciPjwvc3ZnPg==\" class=\"lazyload\" style=\"--smush-placeholder-width: 64px; --smush-placeholder-aspect-ratio: 64\/64;\" \/><\/div>\n                        <span class=\"act-quick-links__text\">Positions<\/span>\n                    <\/a>\n                <\/li><li class=\"act-quick-links__item\">\n                    <a href=\"https:\/\/www.senneville.ca\/en\/municipality\/democratic-life\/public-notices\/\" class=\"act-quick-links__link\" target=\"\">\n                        <div class=\"act-quick-links__icon\"><img decoding=\"async\" data-src=\"https:\/\/www.senneville.ca\/wp-content\/uploads\/2025\/07\/conferencier.png\" width=\"64\" height=\"64\" alt=\"\" src=\"data:image\/svg+xml;base64,PHN2ZyB3aWR0aD0iMSIgaGVpZ2h0PSIxIiB4bWxucz0iaHR0cDovL3d3dy53My5vcmcvMjAwMC9zdmciPjwvc3ZnPg==\" class=\"lazyload\" style=\"--smush-placeholder-width: 64px; --smush-placeholder-aspect-ratio: 64\/64;\" \/><\/div>\n                        <span class=\"act-quick-links__text\">Public Notices<\/span>\n                    <\/a>\n                <\/li><li class=\"act-quick-links__item\">\n                    <a href=\"https:\/\/www.senneville.ca\/en\/publications\/info-work\/\" class=\"act-quick-links__link\" target=\"\">\n                        <div class=\"act-quick-links__icon\"><img decoding=\"async\" data-src=\"https:\/\/www.senneville.ca\/wp-content\/uploads\/2025\/07\/cone-de-signalisation-1.png\" width=\"64\" height=\"64\" alt=\"\" src=\"data:image\/svg+xml;base64,PHN2ZyB3aWR0aD0iMSIgaGVpZ2h0PSIxIiB4bWxucz0iaHR0cDovL3d3dy53My5vcmcvMjAwMC9zdmciPjwvc3ZnPg==\" class=\"lazyload\" style=\"--smush-placeholder-width: 64px; --smush-placeholder-aspect-ratio: 64\/64;\" \/><\/div>\n                        <span class=\"act-quick-links__text\">Info Work<\/span>\n                    <\/a>\n                <\/li>    <\/ul>\n<\/nav>\n\n\n\n<div class=\"wp-block-group alignfull is-style-bg-gradient\">\n<div class=\"wp-block-group alignfull is-style-home-publications section-has-gap-top\">\n<div class=\"wp-block-columns alignwide publications\">\n<div class=\"wp-block-column\" style=\"flex-basis:66.66%\">\n<h2 class=\"wp-block-heading\">News<\/h2>\n<\/div>\n\n\n\n<div class=\"wp-block-column\" style=\"flex-basis:33.33%\">\n<p class=\"has-text-align-right\"><a href=\"https:\/\/www.senneville.ca\/en\/publications\/news\/\"><strong>See all news<\/strong><\/a><\/p>\n<\/div>\n<\/div>\n\n\n<div class=\" alignwide acf-block-component align alignwide wp-block-acf-archive-listing\" id=\"block-block_e6889f915542613f64bb053f7f2ee49d\">\n                                                                    <ul class=\"archive-listing__list  archive-listing__group-\">\n                                <li class=\"archive-listing__item\">\n                     <div class=\"actualite-card\">    <div class=\"wp-block-post-image\">\n    <figure class=\"wp-block-post-featured-image\"><img decoding=\"async\" width=\"1080\" height=\"1080\" data-src=\"https:\/\/www.senneville.ca\/wp-content\/uploads\/2026\/02\/25306_29-KitMedia_Municipalite_Kiosque__1080x1080.png\" class=\"attachment-post-thumbnail size-post-thumbnail wp-post-image lazyload\" alt=\"\" style=\"--smush-placeholder-width: 1080px; --smush-placeholder-aspect-ratio: 1080\/1080;object-fit:cover;\" data-srcset=\"https:\/\/www.senneville.ca\/wp-content\/uploads\/2026\/02\/25306_29-KitMedia_Municipalite_Kiosque__1080x1080.png 1080w, https:\/\/www.senneville.ca\/wp-content\/uploads\/2026\/02\/25306_29-KitMedia_Municipalite_Kiosque__1080x1080-300x300.png 300w, https:\/\/www.senneville.ca\/wp-content\/uploads\/2026\/02\/25306_29-KitMedia_Municipalite_Kiosque__1080x1080-1024x1024.png 1024w, https:\/\/www.senneville.ca\/wp-content\/uploads\/2026\/02\/25306_29-KitMedia_Municipalite_Kiosque__1080x1080-150x150.png 150w, https:\/\/www.senneville.ca\/wp-content\/uploads\/2026\/02\/25306_29-KitMedia_Municipalite_Kiosque__1080x1080-768x768.png 768w\" data-sizes=\"(max-width: 1080px) 100vw, 1080px\" src=\"data:image\/svg+xml;base64,PHN2ZyB3aWR0aD0iMSIgaGVpZ2h0PSIxIiB4bWxucz0iaHR0cDovL3d3dy53My5vcmcvMjAwMC9zdmciPjwvc3ZnPg==\" \/><figcaption class=\"screen-reader-text\">Update \u2013 STM Bus Network Redesign Starting May 18<\/figcaption><\/figure>\n    <\/div>\n    <div class=\"wp-block-post-content\">\n        <div class=\"wp-block-post-date\"><time datetime=\"2026-04-29T16:48:31-04:00\">29 April 2026<\/time><\/div>\n        <h2 class=\"wp-block-post-title\">Update \u2013 STM Bus Network Redesign Starting May 18<\/h2>\n        <div class=\"wp-block-post-excerpt\"><p class=\"wp-block-post-excerpt__excerpt\">The Soci\u00e9t\u00e9 de transport de Montr\u00e9al (STM) will carry out <\/p><\/div>\n        <a aria-label=\"Update \u2013 STM Bus Network Redesign Starting May 18\" class=\"wp-block-read-more\" href=\"https:\/\/www.senneville.ca\/en\/update-stm-bus-network-redesign-starting-may-18\/\" target=\"_self\">En savoir plus<span class=\"screen-reader-text\">: Update \u2013 STM Bus Network Redesign Starting May 18<\/span><\/a>\n    <\/div><\/div>                <\/li>\n                                            <li class=\"archive-listing__item\">\n                     <div class=\"actualite-card\">    <div class=\"wp-block-post-image\">\n    <figure class=\"wp-block-post-featured-image\"><img decoding=\"async\" width=\"981\" height=\"1047\" data-src=\"https:\/\/www.senneville.ca\/wp-content\/uploads\/2026\/04\/Crisis24.jpg\" class=\"attachment-post-thumbnail size-post-thumbnail wp-post-image lazyload\" alt=\"\" style=\"--smush-placeholder-width: 981px; --smush-placeholder-aspect-ratio: 981\/1047;object-fit:cover;\" data-srcset=\"https:\/\/www.senneville.ca\/wp-content\/uploads\/2026\/04\/Crisis24.jpg 981w, https:\/\/www.senneville.ca\/wp-content\/uploads\/2026\/04\/Crisis24-281x300.jpg 281w, https:\/\/www.senneville.ca\/wp-content\/uploads\/2026\/04\/Crisis24-959x1024.jpg 959w, https:\/\/www.senneville.ca\/wp-content\/uploads\/2026\/04\/Crisis24-768x820.jpg 768w\" data-sizes=\"(max-width: 981px) 100vw, 981px\" src=\"data:image\/svg+xml;base64,PHN2ZyB3aWR0aD0iMSIgaGVpZ2h0PSIxIiB4bWxucz0iaHR0cDovL3d3dy53My5vcmcvMjAwMC9zdmciPjwvc3ZnPg==\" \/><figcaption class=\"screen-reader-text\">Are You Registered for the Emergency Alert System?<\/figcaption><\/figure>\n    <\/div>\n    <div class=\"wp-block-post-content\">\n        <div class=\"wp-block-post-date\"><time datetime=\"2026-04-23T14:27:50-04:00\">23 April 2026<\/time><\/div>\n        <h2 class=\"wp-block-post-title\">Are You Registered for the Emergency Alert System?<\/h2>\n        <div class=\"wp-block-post-excerpt\"><p class=\"wp-block-post-excerpt__excerpt\">During this period of emergency measures related to spring flooding, <\/p><\/div>\n        <a aria-label=\"Are You Registered for the Emergency Alert System?\" class=\"wp-block-read-more\" href=\"https:\/\/www.senneville.ca\/en\/are-you-registered-for-the-emergency-alert-system\/\" target=\"_self\">En savoir plus<span class=\"screen-reader-text\">: Are You Registered for the Emergency Alert System?<\/span><\/a>\n    <\/div><\/div>                <\/li>\n                                            <li class=\"archive-listing__item\">\n                     <div class=\"actualite-card\">    <div class=\"wp-block-post-image\">\n    <figure class=\"wp-block-post-featured-image\"><img decoding=\"async\" width=\"1414\" height=\"1414\" data-src=\"https:\/\/www.senneville.ca\/wp-content\/uploads\/2025\/05\/Collectes-de-branches.jpg\" class=\"attachment-post-thumbnail size-post-thumbnail wp-post-image lazyload\" alt=\"\" style=\"--smush-placeholder-width: 1414px; --smush-placeholder-aspect-ratio: 1414\/1414;object-fit:cover;\" data-srcset=\"https:\/\/www.senneville.ca\/wp-content\/uploads\/2025\/05\/Collectes-de-branches.jpg 1414w, https:\/\/www.senneville.ca\/wp-content\/uploads\/2025\/05\/Collectes-de-branches-300x300.jpg 300w, https:\/\/www.senneville.ca\/wp-content\/uploads\/2025\/05\/Collectes-de-branches-1024x1024.jpg 1024w, https:\/\/www.senneville.ca\/wp-content\/uploads\/2025\/05\/Collectes-de-branches-150x150.jpg 150w, https:\/\/www.senneville.ca\/wp-content\/uploads\/2025\/05\/Collectes-de-branches-768x768.jpg 768w\" data-sizes=\"(max-width: 1414px) 100vw, 1414px\" src=\"data:image\/svg+xml;base64,PHN2ZyB3aWR0aD0iMSIgaGVpZ2h0PSIxIiB4bWxucz0iaHR0cDovL3d3dy53My5vcmcvMjAwMC9zdmciPjwvc3ZnPg==\" \/><figcaption class=\"screen-reader-text\">Branch Collection: Service Resuming Until November<\/figcaption><\/figure>\n    <\/div>\n    <div class=\"wp-block-post-content\">\n        <div class=\"wp-block-post-date\"><time datetime=\"2026-04-23T13:42:45-04:00\">23 April 2026<\/time><\/div>\n        <h2 class=\"wp-block-post-title\">Branch Collection: Service Resuming Until November<\/h2>\n        <div class=\"wp-block-post-excerpt\"><p class=\"wp-block-post-excerpt__excerpt\">The branch collection service resumes on the&nbsp;second Tuesday&nbsp;of each month <\/p><\/div>\n        <a aria-label=\"Branch Collection: Service Resuming Until November\" class=\"wp-block-read-more\" href=\"https:\/\/www.senneville.ca\/en\/branch-collection-service-resuming-until-november\/\" target=\"_self\">En savoir plus<span class=\"screen-reader-text\">: Branch Collection: Service Resuming Until November<\/span><\/a>\n    <\/div><\/div>                <\/li>\n                                            <li class=\"archive-listing__item\">\n                     <div class=\"actualite-card\">    <div class=\"wp-block-post-image\">\n    <figure class=\"wp-block-post-featured-image\"><img decoding=\"async\" width=\"1765\" height=\"1188\" data-src=\"https:\/\/www.senneville.ca\/wp-content\/uploads\/2026\/04\/Carte_Mise_en_service_2026.jpg\" class=\"attachment-post-thumbnail size-post-thumbnail wp-post-image lazyload\" alt=\"\" style=\"--smush-placeholder-width: 1765px; --smush-placeholder-aspect-ratio: 1765\/1188;object-fit:cover;\" data-srcset=\"https:\/\/www.senneville.ca\/wp-content\/uploads\/2026\/04\/Carte_Mise_en_service_2026.jpg 1765w, https:\/\/www.senneville.ca\/wp-content\/uploads\/2026\/04\/Carte_Mise_en_service_2026-300x202.jpg 300w, https:\/\/www.senneville.ca\/wp-content\/uploads\/2026\/04\/Carte_Mise_en_service_2026-1024x689.jpg 1024w, https:\/\/www.senneville.ca\/wp-content\/uploads\/2026\/04\/Carte_Mise_en_service_2026-768x517.jpg 768w, https:\/\/www.senneville.ca\/wp-content\/uploads\/2026\/04\/Carte_Mise_en_service_2026-1536x1034.jpg 1536w\" data-sizes=\"(max-width: 1765px) 100vw, 1765px\" src=\"data:image\/svg+xml;base64,PHN2ZyB3aWR0aD0iMSIgaGVpZ2h0PSIxIiB4bWxucz0iaHR0cDovL3d3dy53My5vcmcvMjAwMC9zdmciPjwvc3ZnPg==\" \/><figcaption class=\"screen-reader-text\">Opening\u00a0of the REM in the West Island\u00a0on\u00a0May 18<\/figcaption><\/figure>\n    <\/div>\n    <div class=\"wp-block-post-content\">\n        <div class=\"wp-block-post-date\"><time datetime=\"2026-04-21T15:03:27-04:00\">21 April 2026<\/time><\/div>\n        <h2 class=\"wp-block-post-title\">Opening\u00a0of the REM in the West Island\u00a0on\u00a0May 18<\/h2>\n        <div class=\"wp-block-post-excerpt\"><p class=\"wp-block-post-excerpt__excerpt\">Following tests conducted over the past&nbsp;few&nbsp;weeks and subject to the <\/p><\/div>\n        <a aria-label=\"Opening\u00a0of the REM in the West Island\u00a0on\u00a0May 18\" class=\"wp-block-read-more\" href=\"https:\/\/www.senneville.ca\/en\/opening-of-the-rem-in-the-west-island-on-may-18\/\" target=\"_self\">En savoir plus<span class=\"screen-reader-text\">: Opening\u00a0of the REM in the West Island\u00a0on\u00a0May 18<\/span><\/a>\n    <\/div><\/div>                <\/li>\n                    <\/ul>\n        <\/div>\n<\/div>\n\n\n\n<div class=\"wp-block-group alignfull is-style-home-publications section-has-gap-top\">\n<div class=\"wp-block-columns alignwide publications\">\n<div class=\"wp-block-column\" style=\"flex-basis:66.66%\">\n<h2 class=\"wp-block-heading\">Events<\/h2>\n<\/div>\n\n\n\n<div class=\"wp-block-column\" style=\"flex-basis:33.33%\">\n<p class=\"has-text-align-right\"><strong><a href=\"https:\/\/www.senneville.ca\/en\/events\/\">See all events<\/a><\/strong><\/p>\n<\/div>\n<\/div>\n\n\n<div class=\" alignwide is-style-2col is-style-on-2col acf-block-component align alignwide is-style-2col is-style-on-2col wp-block-acf-archive-listing\" id=\"block-block_1e741de1b570314bdee5aba3f0b5b0b7\">\n                                                                    <ul class=\"archive-listing__list archive-listing__list--e archive-listing__group-\">\n                                <li class=\"archive-listing__item\">\n                    <div class=\"actualite-card event-card\">    <div class=\"wp-block-post-image\">\n    <figure class=\"wp-block-post-featured-image\"><img decoding=\"async\" width=\"981\" height=\"1047\" data-src=\"https:\/\/www.senneville.ca\/wp-content\/uploads\/2026\/03\/Club-de-lecture.jpg\" class=\"attachment-post-thumbnail size-post-thumbnail wp-post-image lazyload\" alt=\"\" style=\"--smush-placeholder-width: 981px; --smush-placeholder-aspect-ratio: 981\/1047;object-fit:cover;\" data-srcset=\"https:\/\/www.senneville.ca\/wp-content\/uploads\/2026\/03\/Club-de-lecture.jpg 981w, https:\/\/www.senneville.ca\/wp-content\/uploads\/2026\/03\/Club-de-lecture-281x300.jpg 281w, https:\/\/www.senneville.ca\/wp-content\/uploads\/2026\/03\/Club-de-lecture-959x1024.jpg 959w, https:\/\/www.senneville.ca\/wp-content\/uploads\/2026\/03\/Club-de-lecture-768x820.jpg 768w\" data-sizes=\"(max-width: 981px) 100vw, 981px\" src=\"data:image\/svg+xml;base64,PHN2ZyB3aWR0aD0iMSIgaGVpZ2h0PSIxIiB4bWxucz0iaHR0cDovL3d3dy53My5vcmcvMjAwMC9zdmciPjwvc3ZnPg==\" \/><figcaption class=\"screen-reader-text\">Book Club<\/figcaption><\/figure>\n    <\/div>\n    <div class=\"wp-block-post-content\">\n    <div class=\"act-event__details\">\n    \n<\/div>\n<div class=\"act-event__info\">\n            <div class=\"act-event__info-taxo\">\n            <span>Loisirs\/Recreation<\/span>\n        <\/div>\n    \n    <h3 class=\"act-event__info-title\">Book Club<\/h3>\n\n    <div class=\"act-event__details-date\">\n        <b>George-McLeish Community Centre<\/b><br\/>        04 May 2026 \n        &#8211;        19:00    <\/div>\n<\/div>\n\n\n\n    <a aria-label=\"Book Club\" class=\"wp-block-read-more\" href=\"https:\/\/www.senneville.ca\/en\/events\/book-club-2\/\" target=\"_self\">En savoir plus<span class=\"screen-reader-text\">: Book Club<\/span><\/a>\n    <\/div><\/div>                <\/li>\n                                            <li class=\"archive-listing__item\">\n                    <div class=\"actualite-card event-card\">    <div class=\"wp-block-post-image\">\n    <figure class=\"wp-block-post-featured-image\"><img decoding=\"async\" width=\"981\" height=\"1047\" data-src=\"https:\/\/www.senneville.ca\/wp-content\/uploads\/2026\/03\/Cafe-Karate-2026.jpg\" class=\"attachment-post-thumbnail size-post-thumbnail wp-post-image lazyload\" alt=\"\" style=\"--smush-placeholder-width: 981px; --smush-placeholder-aspect-ratio: 981\/1047;object-fit:cover;\" data-srcset=\"https:\/\/www.senneville.ca\/wp-content\/uploads\/2026\/03\/Cafe-Karate-2026.jpg 981w, https:\/\/www.senneville.ca\/wp-content\/uploads\/2026\/03\/Cafe-Karate-2026-281x300.jpg 281w, https:\/\/www.senneville.ca\/wp-content\/uploads\/2026\/03\/Cafe-Karate-2026-959x1024.jpg 959w, https:\/\/www.senneville.ca\/wp-content\/uploads\/2026\/03\/Cafe-Karate-2026-768x820.jpg 768w\" data-sizes=\"(max-width: 981px) 100vw, 981px\" src=\"data:image\/svg+xml;base64,PHN2ZyB3aWR0aD0iMSIgaGVpZ2h0PSIxIiB4bWxucz0iaHR0cDovL3d3dy53My5vcmcvMjAwMC9zdmciPjwvc3ZnPg==\" \/><figcaption class=\"screen-reader-text\">Karate Caf\u00e9<\/figcaption><\/figure>\n    <\/div>\n    <div class=\"wp-block-post-content\">\n    <div class=\"act-event__details\">\n    \n<\/div>\n<div class=\"act-event__info\">\n            <div class=\"act-event__info-taxo\">\n            <span>Loisirs\/Recreation<\/span>\n        <\/div>\n    \n    <h3 class=\"act-event__info-title\">Karate Caf\u00e9<\/h3>\n\n    <div class=\"act-event__details-date\">\n        <b>George-McLeish Community Centre<\/b><br\/>        14 May 2026 \n        &#8211;        08:00 \u00e0 09:00    <\/div>\n<\/div>\n\n\n\n    <a aria-label=\"Karate Caf\u00e9\" class=\"wp-block-read-more\" href=\"https:\/\/www.senneville.ca\/en\/events\/karate-cafe\/\" target=\"_self\">En savoir plus<span class=\"screen-reader-text\">: Karate Caf\u00e9<\/span><\/a>\n    <\/div><\/div>                <\/li>\n                                            <li class=\"archive-listing__item\">\n                    <div class=\"actualite-card event-card\">    <div class=\"wp-block-post-image\">\n    <figure class=\"wp-block-post-featured-image\"><img decoding=\"async\" width=\"981\" height=\"1047\" data-src=\"https:\/\/www.senneville.ca\/wp-content\/uploads\/2026\/03\/Cafe-Karate-2026.jpg\" class=\"attachment-post-thumbnail size-post-thumbnail wp-post-image lazyload\" alt=\"\" style=\"--smush-placeholder-width: 981px; --smush-placeholder-aspect-ratio: 981\/1047;object-fit:cover;\" data-srcset=\"https:\/\/www.senneville.ca\/wp-content\/uploads\/2026\/03\/Cafe-Karate-2026.jpg 981w, https:\/\/www.senneville.ca\/wp-content\/uploads\/2026\/03\/Cafe-Karate-2026-281x300.jpg 281w, https:\/\/www.senneville.ca\/wp-content\/uploads\/2026\/03\/Cafe-Karate-2026-959x1024.jpg 959w, https:\/\/www.senneville.ca\/wp-content\/uploads\/2026\/03\/Cafe-Karate-2026-768x820.jpg 768w\" data-sizes=\"(max-width: 981px) 100vw, 981px\" src=\"data:image\/svg+xml;base64,PHN2ZyB3aWR0aD0iMSIgaGVpZ2h0PSIxIiB4bWxucz0iaHR0cDovL3d3dy53My5vcmcvMjAwMC9zdmciPjwvc3ZnPg==\" \/><figcaption class=\"screen-reader-text\">Karate Caf\u00e9<\/figcaption><\/figure>\n    <\/div>\n    <div class=\"wp-block-post-content\">\n    <div class=\"act-event__details\">\n    \n<\/div>\n<div class=\"act-event__info\">\n            <div class=\"act-event__info-taxo\">\n            <span>Loisirs\/Recreation<\/span>\n        <\/div>\n    \n    <h3 class=\"act-event__info-title\">Karate Caf\u00e9<\/h3>\n\n    <div class=\"act-event__details-date\">\n        <b>George-McLeish Community Centre<\/b><br\/>        18 May 2026 \n        &#8211;        08:00 \u00e0 09:00    <\/div>\n<\/div>\n\n\n\n    <a aria-label=\"Karate Caf\u00e9\" class=\"wp-block-read-more\" href=\"https:\/\/www.senneville.ca\/en\/events\/karate-cafe-2\/\" target=\"_self\">En savoir plus<span class=\"screen-reader-text\">: Karate Caf\u00e9<\/span><\/a>\n    <\/div><\/div>                <\/li>\n                                            <li class=\"archive-listing__item\">\n                    <div class=\"actualite-card event-card\">    <div class=\"wp-block-post-image\">\n    <figure class=\"wp-block-post-featured-image\"><img decoding=\"async\" width=\"981\" height=\"1047\" data-src=\"https:\/\/www.senneville.ca\/wp-content\/uploads\/2026\/03\/Cafe-Karate-2026.jpg\" class=\"attachment-post-thumbnail size-post-thumbnail wp-post-image lazyload\" alt=\"\" style=\"--smush-placeholder-width: 981px; --smush-placeholder-aspect-ratio: 981\/1047;object-fit:cover;\" data-srcset=\"https:\/\/www.senneville.ca\/wp-content\/uploads\/2026\/03\/Cafe-Karate-2026.jpg 981w, https:\/\/www.senneville.ca\/wp-content\/uploads\/2026\/03\/Cafe-Karate-2026-281x300.jpg 281w, https:\/\/www.senneville.ca\/wp-content\/uploads\/2026\/03\/Cafe-Karate-2026-959x1024.jpg 959w, https:\/\/www.senneville.ca\/wp-content\/uploads\/2026\/03\/Cafe-Karate-2026-768x820.jpg 768w\" data-sizes=\"(max-width: 981px) 100vw, 981px\" src=\"data:image\/svg+xml;base64,PHN2ZyB3aWR0aD0iMSIgaGVpZ2h0PSIxIiB4bWxucz0iaHR0cDovL3d3dy53My5vcmcvMjAwMC9zdmciPjwvc3ZnPg==\" \/><figcaption class=\"screen-reader-text\">Karate Caf\u00e9<\/figcaption><\/figure>\n    <\/div>\n    <div class=\"wp-block-post-content\">\n    <div class=\"act-event__details\">\n    \n<\/div>\n<div class=\"act-event__info\">\n            <div class=\"act-event__info-taxo\">\n            <span>Loisirs\/Recreation<\/span>\n        <\/div>\n    \n    <h3 class=\"act-event__info-title\">Karate Caf\u00e9<\/h3>\n\n    <div class=\"act-event__details-date\">\n        <b>George-McLeish Community Centre<\/b><br\/>        21 May 2026 \n        &#8211;        08:00 \u00e0 09:00    <\/div>\n<\/div>\n\n\n\n    <a aria-label=\"Karate Caf\u00e9\" class=\"wp-block-read-more\" href=\"https:\/\/www.senneville.ca\/en\/events\/karate-cafe-3\/\" target=\"_self\">En savoir plus<span class=\"screen-reader-text\">: Karate Caf\u00e9<\/span><\/a>\n    <\/div><\/div>                <\/li>\n                    <\/ul>\n        <\/div>\n<\/div>\n\n\n\n<div class=\"wp-block-group alignfull is-style-bg-leaf\">\n<div class=\"wp-block-columns alignwide\">\n<div class=\"wp-block-column is-style-column__content-margins\">\n<h5 class=\"wp-block-heading\">Services en ligne<\/h5>\n\n\n\n<h2 class=\"wp-block-heading\">Tortor enim, id ornare lacinia in tempus<\/h2>\n\n\n\n<p>Elementum lectus sed risus mauris nibh euismod purus nunc nisl.<\/p>\n<\/div>\n\n\n\n<div class=\"wp-block-column\"><nav class=\"align act-quick-links\">\n    <ul class=\"act-quick-links__wrapper\">\n        <li class=\"act-quick-links__item\">\n                    <a href=\"https:\/\/www.senneville.ca\/loisirs-et-cultures\/inscriptions-en-ligne\/activites\/\" class=\"act-quick-links__link\" target=\"\">\n                        <div class=\"act-quick-links__icon\"><img decoding=\"async\" data-src=\"https:\/\/www.senneville.ca\/wp-content\/uploads\/2022\/09\/activites.png\" width=\"94\" height=\"94\" alt=\"Icone activit\u00e9s\" src=\"data:image\/svg+xml;base64,PHN2ZyB3aWR0aD0iMSIgaGVpZ2h0PSIxIiB4bWxucz0iaHR0cDovL3d3dy53My5vcmcvMjAwMC9zdmciPjwvc3ZnPg==\" class=\"lazyload\" style=\"--smush-placeholder-width: 94px; --smush-placeholder-aspect-ratio: 94\/94;\" \/><\/div>\n                        <span class=\"act-quick-links__text\">Activit\u00e9s<\/span>\n                    <\/a>\n                <\/li><li class=\"act-quick-links__item\">\n                    <a href=\"https:\/\/www.senneville.ca\/loisirs-et-cultures\/inscriptions-en-ligne\/camp-de-jour\/\" class=\"act-quick-links__link\" target=\"\">\n                        <div class=\"act-quick-links__icon\"><img decoding=\"async\" data-src=\"https:\/\/www.senneville.ca\/wp-content\/uploads\/2022\/09\/Camp-de-jour.png\" width=\"94\" height=\"93\" alt=\"Icone camp de jour\" src=\"data:image\/svg+xml;base64,PHN2ZyB3aWR0aD0iMSIgaGVpZ2h0PSIxIiB4bWxucz0iaHR0cDovL3d3dy53My5vcmcvMjAwMC9zdmciPjwvc3ZnPg==\" class=\"lazyload\" style=\"--smush-placeholder-width: 94px; --smush-placeholder-aspect-ratio: 94\/93;\" \/><\/div>\n                        <span class=\"act-quick-links__text\">Camp de jour<\/span>\n                    <\/a>\n                <\/li><li class=\"act-quick-links__item\">\n                    <a href=\"https:\/\/www.senneville.ca\/loisirs-et-cultures\/inscriptions-en-ligne\/location-de-salle\/\" class=\"act-quick-links__link\" target=\"\">\n                        <div class=\"act-quick-links__icon\"><img decoding=\"async\" data-src=\"https:\/\/www.senneville.ca\/wp-content\/uploads\/2022\/09\/location-de-salles.png\" width=\"94\" height=\"93\" alt=\"Icone location de salles\" src=\"data:image\/svg+xml;base64,PHN2ZyB3aWR0aD0iMSIgaGVpZ2h0PSIxIiB4bWxucz0iaHR0cDovL3d3dy53My5vcmcvMjAwMC9zdmciPjwvc3ZnPg==\" class=\"lazyload\" style=\"--smush-placeholder-width: 94px; --smush-placeholder-aspect-ratio: 94\/93;\" \/><\/div>\n                        <span class=\"act-quick-links__text\">Location de salle<\/span>\n                    <\/a>\n                <\/li><li class=\"act-quick-links__item\">\n                    <a href=\"https:\/\/www.senneville.ca\/carte-interactive\/\" class=\"act-quick-links__link\" target=\"\">\n                        <div class=\"act-quick-links__icon\"><img decoding=\"async\" data-src=\"https:\/\/www.senneville.ca\/wp-content\/uploads\/2022\/09\/etablissement.png\" width=\"94\" height=\"93\" alt=\"Ic\u00f4ne trouver un \u00e9tablissement\" src=\"data:image\/svg+xml;base64,PHN2ZyB3aWR0aD0iMSIgaGVpZ2h0PSIxIiB4bWxucz0iaHR0cDovL3d3dy53My5vcmcvMjAwMC9zdmciPjwvc3ZnPg==\" class=\"lazyload\" style=\"--smush-placeholder-width: 94px; --smush-placeholder-aspect-ratio: 94\/93;\" \/><\/div>\n                        <span class=\"act-quick-links__text\">Trouver un \u00e9tablissement<\/span>\n                    <\/a>\n                <\/li><li class=\"act-quick-links__item\">\n                    <a href=\"https:\/\/www.senneville.ca\/loisirs-et-cultures\/inscriptions-en-ligne\/evenements-speciaux\/\" class=\"act-quick-links__link\" target=\"\">\n                        <div class=\"act-quick-links__icon\"><img decoding=\"async\" data-src=\"https:\/\/www.senneville.ca\/wp-content\/uploads\/2022\/09\/evenements.png\" width=\"95\" height=\"93\" alt=\"Icone \u00e9v\u00e9nements\" src=\"data:image\/svg+xml;base64,PHN2ZyB3aWR0aD0iMSIgaGVpZ2h0PSIxIiB4bWxucz0iaHR0cDovL3d3dy53My5vcmcvMjAwMC9zdmciPjwvc3ZnPg==\" class=\"lazyload\" style=\"--smush-placeholder-width: 95px; --smush-placeholder-aspect-ratio: 95\/93;\" \/><\/div>\n                        <span class=\"act-quick-links__text\">\u00c9v\u00e9nements sp\u00e9ciaux<\/span>\n                    <\/a>\n                <\/li><li class=\"act-quick-links__item\">\n                    <a href=\"https:\/\/www.senneville.ca\/loisirs-et-cultures\/inscriptions-en-ligne\/piscine\/\" class=\"act-quick-links__link\" target=\"\">\n                        <div class=\"act-quick-links__icon\"><img decoding=\"async\" data-src=\"https:\/\/www.senneville.ca\/wp-content\/uploads\/2022\/09\/piscine.png\" width=\"95\" height=\"93\" alt=\"Icone piscine\" src=\"data:image\/svg+xml;base64,PHN2ZyB3aWR0aD0iMSIgaGVpZ2h0PSIxIiB4bWxucz0iaHR0cDovL3d3dy53My5vcmcvMjAwMC9zdmciPjwvc3ZnPg==\" class=\"lazyload\" style=\"--smush-placeholder-width: 95px; --smush-placeholder-aspect-ratio: 95\/93;\" \/><\/div>\n                        <span class=\"act-quick-links__text\">Piscine<\/span>\n                    <\/a>\n                <\/li>    <\/ul>\n<\/nav>\n<\/div>\n<\/div>\n<\/div>\n<\/div>\n","protected":false},"excerpt":{"rendered":"<p>News See all news Events See all events Services en ligne Tortor enim, id ornare lacinia in tempus Elementum lectus sed risus mauris nibh euismod purus nunc nisl.<\/p>\n","protected":false},"author":1,"featured_media":0,"parent":0,"menu_order":-1,"comment_status":"closed","ping_status":"closed","template":"","meta":{"_acf_changed":true,"inline_featured_image":false,"footnotes":""},"class_list":["post-4050","page","type-page","status-publish","hentry"],"acf":[],"yoast_head":"<!-- This site is optimized with the Yoast SEO plugin v27.5 - https:\/\/yoast.com\/product\/yoast-seo-wordpress\/ -->\n<title>Welcome to the Village of Senneville - Village de Senneville<\/title>\n<meta name=\"robots\" content=\"index, follow, max-snippet:-1, max-image-preview:large, max-video-preview:-1\" \/>\n<link rel=\"canonical\" href=\"https:\/\/www.senneville.ca\/en\/\" \/>\n<meta property=\"og:locale\" content=\"en_US\" \/>\n<meta property=\"og:type\" content=\"article\" \/>\n<meta property=\"og:title\" content=\"Welcome to the Village of Senneville - Village de Senneville\" \/>\n<meta property=\"og:description\" content=\"News See all news Events See all events Services en ligne Tortor enim, id ornare lacinia in tempus Elementum lectus sed risus mauris nibh euismod purus nunc nisl.\" \/>\n<meta property=\"og:url\" content=\"https:\/\/www.senneville.ca\/en\/\" \/>\n<meta property=\"og:site_name\" content=\"Village de Senneville\" \/>\n<meta property=\"article:publisher\" content=\"https:\/\/www.facebook.com\/senneville.ca\" \/>\n<meta property=\"article:modified_time\" content=\"2026-04-19T13:16:53+00:00\" \/>\n<meta property=\"og:image\" content=\"https:\/\/www.senneville.ca\/wp-content\/uploads\/2026\/04\/Banniere-Site-Web-Crue-printaniere-mode-intervention-2-scaled.jpg\" \/>\n\t<meta property=\"og:image:width\" content=\"2560\" \/>\n\t<meta property=\"og:image:height\" content=\"1340\" \/>\n\t<meta property=\"og:image:type\" content=\"image\/jpeg\" \/>\n<meta name=\"twitter:card\" content=\"summary_large_image\" \/>\n<meta name=\"twitter:label1\" content=\"Est. reading time\" \/>\n\t<meta name=\"twitter:data1\" content=\"1 minute\" \/>\n<script type=\"application\/ld+json\" class=\"yoast-schema-graph\">{\n\t    \"@context\": \"https:\\\/\\\/schema.org\",\n\t    \"@graph\": [\n\t        {\n\t            \"@type\": \"WebPage\",\n\t            \"@id\": \"https:\\\/\\\/www.senneville.ca\\\/en\\\/\",\n\t            \"url\": \"https:\\\/\\\/www.senneville.ca\\\/en\\\/\",\n\t            \"name\": \"Welcome to the Village of Senneville - Village de Senneville\",\n\t            \"isPartOf\": {\n\t                \"@id\": \"https:\\\/\\\/www.senneville.ca\\\/en\\\/#website\"\n\t            },\n\t            \"primaryImageOfPage\": {\n\t                \"@id\": \"https:\\\/\\\/www.senneville.ca\\\/en\\\/#primaryimage\"\n\t            },\n\t            \"image\": {\n\t                \"@id\": \"https:\\\/\\\/www.senneville.ca\\\/en\\\/#primaryimage\"\n\t            },\n\t            \"thumbnailUrl\": \"https:\\\/\\\/www.senneville.ca\\\/wp-content\\\/uploads\\\/2026\\\/04\\\/Banniere-Site-Web-Crue-printaniere-mode-intervention-2-scaled.jpg\",\n\t            \"datePublished\": \"2022-09-12T07:40:55+00:00\",\n\t            \"dateModified\": \"2026-04-19T13:16:53+00:00\",\n\t            \"breadcrumb\": {\n\t                \"@id\": \"https:\\\/\\\/www.senneville.ca\\\/en\\\/#breadcrumb\"\n\t            },\n\t            \"inLanguage\": \"en-US\",\n\t            \"potentialAction\": [\n\t                {\n\t                    \"@type\": \"ReadAction\",\n\t                    \"target\": [\n\t                        \"https:\\\/\\\/www.senneville.ca\\\/en\\\/\"\n\t                    ]\n\t                }\n\t            ]\n\t        },\n\t        {\n\t            \"@type\": \"ImageObject\",\n\t            \"inLanguage\": \"en-US\",\n\t            \"@id\": \"https:\\\/\\\/www.senneville.ca\\\/en\\\/#primaryimage\",\n\t            \"url\": \"https:\\\/\\\/www.senneville.ca\\\/wp-content\\\/uploads\\\/2026\\\/04\\\/Banniere-Site-Web-Crue-printaniere-mode-intervention-2-scaled.jpg\",\n\t            \"contentUrl\": \"https:\\\/\\\/www.senneville.ca\\\/wp-content\\\/uploads\\\/2026\\\/04\\\/Banniere-Site-Web-Crue-printaniere-mode-intervention-2-scaled.jpg\"\n\t        },\n\t        {\n\t            \"@type\": \"BreadcrumbList\",\n\t            \"@id\": \"https:\\\/\\\/www.senneville.ca\\\/en\\\/#breadcrumb\",\n\t            \"itemListElement\": [\n\t                {\n\t                    \"@type\": \"ListItem\",\n\t                    \"position\": 1,\n\t                    \"name\": \"Home\",\n\t                    \"item\": \"https:\\\/\\\/www.senneville.ca\\\/en\\\/\"\n\t                },\n\t                {\n\t                    \"@type\": \"ListItem\",\n\t                    \"position\": 2,\n\t                    \"name\": \"Welcome to the Village of Senneville\"\n\t                }\n\t            ]\n\t        },\n\t        {\n\t            \"@type\": \"WebSite\",\n\t            \"@id\": \"https:\\\/\\\/www.senneville.ca\\\/en\\\/#website\",\n\t            \"url\": \"https:\\\/\\\/www.senneville.ca\\\/en\\\/\",\n\t            \"name\": \"Village de Senneville\",\n\t            \"description\": \"Bienvenue au Village de Senneville\",\n\t            \"publisher\": {\n\t                \"@id\": \"https:\\\/\\\/www.senneville.ca\\\/en\\\/#organization\"\n\t            },\n\t            \"potentialAction\": [\n\t                {\n\t                    \"@type\": \"SearchAction\",\n\t                    \"target\": {\n\t                        \"@type\": \"EntryPoint\",\n\t                        \"urlTemplate\": \"https:\\\/\\\/www.senneville.ca\\\/en\\\/?s={search_term_string}\"\n\t                    },\n\t                    \"query-input\": {\n\t                        \"@type\": \"PropertyValueSpecification\",\n\t                        \"valueRequired\": true,\n\t                        \"valueName\": \"search_term_string\"\n\t                    }\n\t                }\n\t            ],\n\t            \"inLanguage\": \"en-US\"\n\t        },\n\t        {\n\t            \"@type\": \"Organization\",\n\t            \"@id\": \"https:\\\/\\\/www.senneville.ca\\\/en\\\/#organization\",\n\t            \"name\": \"Village de Senneville\",\n\t            \"alternateName\": \"Senneville\",\n\t            \"url\": \"https:\\\/\\\/www.senneville.ca\\\/en\\\/\",\n\t            \"logo\": {\n\t                \"@type\": \"ImageObject\",\n\t                \"inLanguage\": \"en-US\",\n\t                \"@id\": \"https:\\\/\\\/www.senneville.ca\\\/en\\\/#\\\/schema\\\/logo\\\/image\\\/\",\n\t                \"url\": \"https:\\\/\\\/www.senneville.ca\\\/wp-content\\\/uploads\\\/2022\\\/10\\\/Senneville-logo-Pantone.png\",\n\t                \"contentUrl\": \"https:\\\/\\\/www.senneville.ca\\\/wp-content\\\/uploads\\\/2022\\\/10\\\/Senneville-logo-Pantone.png\",\n\t                \"width\": 1547,\n\t                \"height\": 1810,\n\t                \"caption\": \"Village de Senneville\"\n\t            },\n\t            \"image\": {\n\t                \"@id\": \"https:\\\/\\\/www.senneville.ca\\\/en\\\/#\\\/schema\\\/logo\\\/image\\\/\"\n\t            },\n\t            \"sameAs\": [\n\t                \"https:\\\/\\\/www.facebook.com\\\/senneville.ca\",\n\t                \"https:\\\/\\\/ca.linkedin.com\\\/company\\\/village-de-senneville\",\n\t                \"https:\\\/\\\/www.instagram.com\\\/village_senneville\"\n\t            ]\n\t        }\n\t    ]\n\t}<\/script>\n<!-- \/ Yoast SEO plugin. -->","yoast_head_json":{"title":"Welcome to the Village of Senneville - Village de Senneville","robots":{"index":"index","follow":"follow","max-snippet":"max-snippet:-1","max-image-preview":"max-image-preview:large","max-video-preview":"max-video-preview:-1"},"canonical":"https:\/\/www.senneville.ca\/en\/","og_locale":"en_US","og_type":"article","og_title":"Welcome to the Village of Senneville - Village de Senneville","og_description":"News See all news Events See all events Services en ligne Tortor enim, id ornare lacinia in tempus Elementum lectus sed risus mauris nibh euismod purus nunc nisl.","og_url":"https:\/\/www.senneville.ca\/en\/","og_site_name":"Village de Senneville","article_publisher":"https:\/\/www.facebook.com\/senneville.ca","article_modified_time":"2026-04-19T13:16:53+00:00","og_image":[{"width":2560,"height":1340,"url":"https:\/\/www.senneville.ca\/wp-content\/uploads\/2026\/04\/Banniere-Site-Web-Crue-printaniere-mode-intervention-2-scaled.jpg","type":"image\/jpeg"}],"twitter_card":"summary_large_image","twitter_misc":{"Est. reading time":"1 minute"},"schema":{"@context":"https:\/\/schema.org","@graph":[{"@type":"WebPage","@id":"https:\/\/www.senneville.ca\/en\/","url":"https:\/\/www.senneville.ca\/en\/","name":"Welcome to the Village of Senneville - Village de Senneville","isPartOf":{"@id":"https:\/\/www.senneville.ca\/en\/#website"},"primaryImageOfPage":{"@id":"https:\/\/www.senneville.ca\/en\/#primaryimage"},"image":{"@id":"https:\/\/www.senneville.ca\/en\/#primaryimage"},"thumbnailUrl":"https:\/\/www.senneville.ca\/wp-content\/uploads\/2026\/04\/Banniere-Site-Web-Crue-printaniere-mode-intervention-2-scaled.jpg","datePublished":"2022-09-12T07:40:55+00:00","dateModified":"2026-04-19T13:16:53+00:00","breadcrumb":{"@id":"https:\/\/www.senneville.ca\/en\/#breadcrumb"},"inLanguage":"en-US","potentialAction":[{"@type":"ReadAction","target":["https:\/\/www.senneville.ca\/en\/"]}]},{"@type":"ImageObject","inLanguage":"en-US","@id":"https:\/\/www.senneville.ca\/en\/#primaryimage","url":"https:\/\/www.senneville.ca\/wp-content\/uploads\/2026\/04\/Banniere-Site-Web-Crue-printaniere-mode-intervention-2-scaled.jpg","contentUrl":"https:\/\/www.senneville.ca\/wp-content\/uploads\/2026\/04\/Banniere-Site-Web-Crue-printaniere-mode-intervention-2-scaled.jpg"},{"@type":"BreadcrumbList","@id":"https:\/\/www.senneville.ca\/en\/#breadcrumb","itemListElement":[{"@type":"ListItem","position":1,"name":"Home","item":"https:\/\/www.senneville.ca\/en\/"},{"@type":"ListItem","position":2,"name":"Welcome to the Village of Senneville"}]},{"@type":"WebSite","@id":"https:\/\/www.senneville.ca\/en\/#website","url":"https:\/\/www.senneville.ca\/en\/","name":"Village de Senneville","description":"Bienvenue au Village de Senneville","publisher":{"@id":"https:\/\/www.senneville.ca\/en\/#organization"},"potentialAction":[{"@type":"SearchAction","target":{"@type":"EntryPoint","urlTemplate":"https:\/\/www.senneville.ca\/en\/?s={search_term_string}"},"query-input":{"@type":"PropertyValueSpecification","valueRequired":true,"valueName":"search_term_string"}}],"inLanguage":"en-US"},{"@type":"Organization","@id":"https:\/\/www.senneville.ca\/en\/#organization","name":"Village de Senneville","alternateName":"Senneville","url":"https:\/\/www.senneville.ca\/en\/","logo":{"@type":"ImageObject","inLanguage":"en-US","@id":"https:\/\/www.senneville.ca\/en\/#\/schema\/logo\/image\/","url":"https:\/\/www.senneville.ca\/wp-content\/uploads\/2022\/10\/Senneville-logo-Pantone.png","contentUrl":"https:\/\/www.senneville.ca\/wp-content\/uploads\/2022\/10\/Senneville-logo-Pantone.png","width":1547,"height":1810,"caption":"Village de Senneville"},"image":{"@id":"https:\/\/www.senneville.ca\/en\/#\/schema\/logo\/image\/"},"sameAs":["https:\/\/www.facebook.com\/senneville.ca","https:\/\/ca.linkedin.com\/company\/village-de-senneville","https:\/\/www.instagram.com\/village_senneville"]}]}},"_links":{"self":[{"href":"https:\/\/www.senneville.ca\/en\/wp-json\/wp\/v2\/pages\/4050","targetHints":{"allow":["GET"]}}],"collection":[{"href":"https:\/\/www.senneville.ca\/en\/wp-json\/wp\/v2\/pages"}],"about":[{"href":"https:\/\/www.senneville.ca\/en\/wp-json\/wp\/v2\/types\/page"}],"author":[{"embeddable":true,"href":"https:\/\/www.senneville.ca\/en\/wp-json\/wp\/v2\/users\/1"}],"replies":[{"embeddable":true,"href":"https:\/\/www.senneville.ca\/en\/wp-json\/wp\/v2\/comments?post=4050"}],"version-history":[{"count":0,"href":"https:\/\/www.senneville.ca\/en\/wp-json\/wp\/v2\/pages\/4050\/revisions"}],"wp:attachment":[{"href":"https:\/\/www.senneville.ca\/en\/wp-json\/wp\/v2\/media?parent=4050"}],"curies":[{"name":"wp","href":"https:\/\/api.w.org\/{rel}","templated":true}]}}